{"id":27562,"date":"2025-10-16T14:05:55","date_gmt":"2025-10-16T14:05:55","guid":{"rendered":"https:\/\/idi.no\/our-work\/initiative\/webinario-de-la-idi-como-transformara-la-ia-las-practicas-de-auditoria-de-las-efs\/"},"modified":"2025-11-12T22:35:42","modified_gmt":"2025-11-12T22:35:42","slug":"webinario-de-la-idi-como-transformara-la-ia-las-practicas-de-auditoria-de-las-efs","status":"publish","type":"our-work","link":"https:\/\/idi.no\/es\/our-work\/initiative\/webinario-de-la-idi-como-transformara-la-ia-las-practicas-de-auditoria-de-las-efs\/","title":{"rendered":"Webinario de la IDI: \u00bfc\u00f3mo transformar\u00e1 la IA las pr\u00e1cticas de auditor\u00eda de las EFS?"},"content":{"rendered":"\r\n<div  class=\"our-work-single-hero-block\" style=\"background-image:linear-gradient(180.00deg, rgba(0, 84, 142, 0) 76.41%,rgba(0, 84, 142, 0.8) 114.274%), url(https:\/\/idi.no\/wp-content\/uploads\/2025\/10\/2nd-marketplace-2024-newsletter-sita-1200-x-720-px.jpg);\">\r\n\t<div class=\"our-work-single-hero-block__container container\">\r\n\t\t<div class=\"our-work-single-hero-block__content\">\r\n\t\t\t\t\t\t\t\r\n\t\t\t\t<div class=\"our-work-single-hero-block__breadcrumbs breadcrumbs\">\r\n\t\t\t\t\t<span><span><a href=\"https:\/\/idi.no\/es\/\">Home<\/a><\/span><\/span>\t\t\t\t<\/div>\r\n\r\n\t\t\t\t\r\n\t\t\t\t\r\n\t\t\t\t\t\t<h1 class=\"our-work-single-hero-block__title\">\r\n\t\t\t\tWebinario de la IDI: \u00bfc\u00f3mo transformar\u00e1 la IA las pr\u00e1cticas de auditor\u00eda de las EFS?\r\n\t\t\t\t\r\n\r\n\t\t\t<\/h1>\r\n\t\t<\/div>\r\n\t<\/div>\r\n\r\n\t    <div class=\"our-work-single-hero-block__subnavigation\" data-active-index=\"0\">\r\n        <div class=\"our-work-single-hero-block__subnavigation-container container\">\r\n            <span class=\"our-work-single-hero-block__subnavigation-trigger-label\">\r\n                SECTIONS            <\/span>\r\n            <div class=\"our-work-single-hero-block__subnavigation-mobile-trigger\" tabindex=\"0\">\r\n                <span class=\"our-work-single-hero-block__subnavigation-trigger-active\">\r\n                    SAI INNOVATIONS                <\/span>\r\n                <span class=\"icon-chevron\"><img decoding=\"async\" src=\"https:\/\/idi.no\/wp-content\/themes\/idi\/assets\/images\/icons\/shevron_down.svg\" alt=\"\"><\/span>\r\n            <\/div>\r\n            <div class=\"our-work-single-hero-block__subnavigation-dropdown\">\r\n                \t\t\t\t\t                    <div class=\"our-work-single-hero-block__subnavigation-item is-active\" data-index=\"0\" data-url=\"https:\/\/idi.no\/our-work\/initiative\/sai-innovation\/\">\r\n                        <a href=\"https:\/\/idi.no\/our-work\/initiative\/sai-innovation\/\" class=\"our-work-single-hero-block__subnavigation-link\">\r\n                            SAI INNOVATIONS                        <\/a>\r\n                    <\/div>\r\n                \t\t\t\t\t                    <div class=\"our-work-single-hero-block__subnavigation-item\" data-index=\"1\" data-url=\"https:\/\/idi.no\/our-work\/initiative\/sai-innovation\/innovations-resources\/\">\r\n                        <a href=\"https:\/\/idi.no\/our-work\/initiative\/sai-innovation\/innovations-resources\/\" class=\"our-work-single-hero-block__subnavigation-link\">\r\n                            INNOVATIONS RESOURCES                        <\/a>\r\n                    <\/div>\r\n                            <\/div>\r\n        <\/div>\r\n\t<\/div>\r\n<\/div>\r\n\n<div  class=\"text-and-media-block  block-image-align--left block-background-color--white with-circles\" >\n\t<div class=\"text-and-media-block__container container\">\n\t\t<div class=\"text-and-media-block__col\">\n\n\t\t\t\t\t\t\t\t\t\t\t\t\t<h2 class=\"text-and-media-block__title\">\n\t\t\t\t\tWebinario del Mercado de Innovaciones de las EFS: \u00bfC\u00f3mo transformar\u00e1 la IA las pr\u00e1cticas de auditor\u00eda de las EFS? Noviembre de 2024 \t\t\t\t<\/h2>\n\t\t\t\t\t\t\t\t\t\t\t\t\t<div class=\"text-and-media-block__description\">\n\t\t\t\t\t<div id=\"sppb-addon-wrapper-1612724777722\" class=\"sppb-addon-wrapper addon-root-text-block\">\n<div id=\"sppb-addon-1612724777722\" class=\"clearfix \">\n<div class=\"sppb-addon sppb-addon-text-block \">\n<div class=\"sppb-addon-content \">\n<div id=\"sppb-addon-wrapper-1612724777722\" class=\"sppb-addon-wrapper addon-root-text-block\">\n<div id=\"sppb-addon-1612724777722\" class=\"clearfix \">\n<div class=\"sppb-addon sppb-addon-text-block \">\n<div class=\"sppb-addon-content \">\n<div id=\"sppb-addon-wrapper-1612724777722\" class=\"sppb-addon-wrapper addon-root-text-block\">\n<div id=\"sppb-addon-1612724777722\" class=\"clearfix \">\n<div class=\"sppb-addon sppb-addon-text-block \">\n<div class=\"sppb-addon-content \">\n<div id=\"column-wrap-id-1612724777711\" class=\"sppb-col-md-6 \">\n<div id=\"column-id-1612724777711\" class=\"sppb-column \">\n<div class=\"sppb-column-addons\">\n<div id=\"sppb-addon-wrapper-1612724777722\" class=\"sppb-addon-wrapper addon-root-text-block\">\n<div id=\"sppb-addon-1612724777722\" class=\"clearfix \">\n<div class=\"sppb-addon sppb-addon-text-block \">\n<div class=\"sppb-addon-content \">\n<div id=\"column-wrap-id-1612724777711\" class=\"sppb-col-md-6 \">\n<div id=\"column-id-1612724777711\" class=\"sppb-column \">\n<div class=\"sppb-column-addons\">\n<div id=\"sppb-addon-wrapper-1612724777722\" class=\"sppb-addon-wrapper addon-root-text-block\">\n<div id=\"sppb-addon-1612724777722\" class=\"clearfix \">\n<div class=\"sppb-addon sppb-addon-text-block \">\n<div class=\"sppb-addon-content \">\n<div id=\"sppb-addon-wrapper-1612724777722\" class=\"sppb-addon-wrapper addon-root-text-block\">\n<div id=\"sppb-addon-1612724777722\" class=\"clearfix \">\n<div class=\"sppb-addon sppb-addon-text-block \">\n<div class=\"sppb-addon-content \">\n<div id=\"sppb-addon-wrapper-1612724777722\" class=\"sppb-addon-wrapper addon-root-text-block\">\n<div id=\"sppb-addon-1612724777722\" class=\"clearfix \">\n<div class=\"sppb-addon sppb-addon-text-block \">\n<div class=\"sppb-addon-content \">\n<div id=\"column-wrap-id-1612724777711\" class=\"sppb-col-md-6 \">\n<div id=\"column-id-1612724777711\" class=\"sppb-column \">\n<div class=\"sppb-column-addons\">\n<div id=\"column-wrap-id-1612724777711\" class=\"sppb-col-md-6 \">\n<div id=\"column-id-1612724777711\" class=\"sppb-column \">\n<div class=\"sppb-column-addons\">\n<div id=\"sppb-addon-wrapper-1612724777722\" class=\"sppb-addon-wrapper addon-root-text-block\">\n<div id=\"sppb-addon-1612724777722\" class=\"clearfix \">\n<div class=\"sppb-addon sppb-addon-text-block \">\n<div class=\"sppb-addon-content \">\n<div id=\"sppb-addon-wrapper-1612724777722\" class=\"sppb-addon-wrapper addon-root-text-block\">\n<div id=\"sppb-addon-1612724777722\" class=\"clearfix \">\n<div class=\"sppb-addon sppb-addon-text-block \">\n<div class=\"sppb-addon-content \">\n<p>Una presentaci\u00f3n perspicaz de la EFS de Egipto sobre \u00abIdeas sobre la integraci\u00f3n de la inteligencia artificial en las funciones de auditor\u00eda de las EFS\u00bb como parte del Mercado de Innovaci\u00f3n de las EFS. Esta sesi\u00f3n explora c\u00f3mo las tecnolog\u00edas de IA pueden transformar los procesos de auditor\u00eda, mejorando la eficiencia, la precisi\u00f3n y la gesti\u00f3n de riesgos. Descubra la evoluci\u00f3n de la IA, desde los primeros sistemas basados en reglas hasta el aprendizaje autom\u00e1tico y las redes neuronales actuales, y c\u00f3mo estas herramientas ahora respaldan el an\u00e1lisis de datos, la detecci\u00f3n de fraudes y el an\u00e1lisis predictivo en la auditor\u00eda gubernamental.<\/p>\n<p>La presentaci\u00f3n tambi\u00e9n aborda los desaf\u00edos de la integraci\u00f3n de la IA, como las dependencias de datos, los problemas de transparencia y las preocupaciones \u00e9ticas. La EFS de Egipto proporciona recomendaciones estrat\u00e9gicas para que las EFS implementen una IA responsable, incluidos proyectos piloto, directrices \u00e9ticas y colaboraci\u00f3n interdisciplinaria. \u00a1Explore el futuro de la IA en la auditor\u00eda y descubra c\u00f3mo su instituci\u00f3n puede beneficiarse de estos avances!<\/p>\n<p>Vea este evento en vivo en l\u00ednea de 60 minutos en ingl\u00e9s, que incluye preguntas y respuestas.<\/p>\n<\/div>\n<\/div>\n<\/div>\n<\/div>\n<div id=\"sppb-addon-wrapper-1613399675556\" class=\"sppb-addon-wrapper addon-root-heading\">\n<div id=\"sppb-addon-1613399675556\" class=\"clearfix \">\n<div class=\"sppb-addon sppb-addon-header\">\n<h5 class=\"sppb-addon-title\" role=\"heading\" data-uw-rm-heading=\"level\">Webinario 26 de noviembre de 2024<\/h5>\n<\/div>\n<\/div>\n<\/div>\n<\/div>\n<\/div>\n<\/div>\n<\/div>\n<div id=\"sppb-addon-wrapper-1635937410153\" class=\"sppb-addon-wrapper addon-root-text-block\">\n<div id=\"sppb-addon-1635937410153\" class=\"clearfix \">\n<div class=\"sppb-addon sppb-addon-text-block \">\n<h5 class=\"sppb-addon-title\" role=\"heading\" data-uw-rm-heading=\"level\">Presentaci\u00f3n<\/h5>\n<div class=\"sppb-addon-content \">\n<ul>\n<li><a href=\"https:\/\/idi.no\/wp-content\/uploads\/2025\/10\/SAIs-Innovation-Marketplace-Webinar.pdf\">Webinario del mercado de innovaciones de las EFS<\/a><\/li>\n<\/ul>\n<h5 class=\"sppb-addon-title\" role=\"heading\" data-uw-rm-heading=\"level\">Nuestro ponente:<\/h5>\n<div class=\"sppb-addon-content \">\n<p><strong>Kareem Ismail azizeldeen<\/strong><\/p>\n<p>Auditor s\u00e9nior &#8211; Autoridad estatal de rendici\u00f3n de cuentas, EFS de Egipto<\/p>\n<p>Kareem Ismail Azizeldeen es auditor s\u00e9nior con m\u00e1s de 13 a\u00f1os de experiencia en la Autoridad Estatal de Rendici\u00f3n de Cuentas de Egipto. Tiene una maestr\u00eda en Sistemas de Informaci\u00f3n de la Universidad DePaul y una licenciatura en Contabilidad y Finanzas de la Universidad de El Cairo. Kareem se especializa en gobernanza de las TIC, ciberseguridad y protecci\u00f3n de datos en la auditor\u00eda. Contribuye activamente a los grupos de trabajo de auditor\u00eda internacionales, incluidos ARABOSAI e INTOSAI.<\/p>\n<\/div>\n<\/div>\n<\/div>\n<\/div>\n<\/div>\n<\/div>\n<\/div>\n<\/div>\n<\/div>\n<\/div>\n<\/div>\n<\/div>\n<\/div>\n<\/div>\n<\/div>\n<\/div>\n<\/div>\n<\/div>\n<\/div>\n<\/div>\n<\/div>\n<\/div>\n<\/div>\n<\/div>\n<\/div>\n<\/div>\n<\/div>\n<\/div>\n<\/div>\n<\/div>\n<\/div>\n<\/div>\n<\/div>\n<\/div>\n<\/div>\n<\/div>\n<\/div>\n<\/div>\n<\/div>\n<\/div>\n<\/div>\n<\/div>\n<\/div>\n<\/div>\n<\/div>\n\t\t\t\t<\/div>\n\t\t\t\n\t\t\t<div class=\"text-and-media-block__button-list\">\n\t\t\t\t\t\t\t\t\t\t\t<a \thref=\"https:\/\/vimeo.com\/1037432605?fl=pl&#038;fe=sh\"\n\t\t\t\t\tclass=\"text-and-media-block__button\"\n\t\t\t\t\t\t\t\t\t>\n\t\t\t\t\tWatch the recording\t\t\t\t<\/a>\n\t\t\t\n\t\t\t\t\t\t<\/div>\n\t\t<\/div>\n\t\t\t\t    <div class=\"text-and-media-block__col\">\n\t\t\t\t<div class=\"text-and-media-block__image\">\n\t\t\t\t\t<img decoding=\"async\" src=\"https:\/\/idi.no\/wp-content\/uploads\/2025\/10\/2nd-marketplace-2024-newsletter-sita-1200-x-720-px.jpg\" alt=\"\">\n\t\t\t\t<\/div>\n\t\t\t<\/div>\n\t\t\t\t<\/div>\n<\/div>\n","protected":false},"excerpt":{"rendered":"","protected":false},"featured_media":27563,"parent":0,"menu_order":0,"template":"","content-type":[],"topic":[],"initiative":[234],"area-of-focus":[],"class_list":["post-27562","our-work","type-our-work","status-publish","has-post-thumbnail","hentry","initiative-sai-innovations"],"acf":[],"yoast_head":"<!-- This site is optimized with the Yoast SEO plugin v27.4 - https:\/\/yoast.com\/product\/yoast-seo-wordpress\/ -->\n<title>Webinario de la IDI: \u00bfc\u00f3mo transformar\u00e1 la IA las pr\u00e1cticas de auditor\u00eda de las EFS? - IDI<\/title>\n<meta name=\"robots\" content=\"index, follow, max-snippet:-1, max-image-preview:large, max-video-preview:-1\" \/>\n<link rel=\"canonical\" href=\"https:\/\/idi.no\/es\/our-work\/initiative\/webinario-de-la-idi-como-transformara-la-ia-las-practicas-de-auditoria-de-las-efs\/\" \/>\n<meta property=\"og:locale\" content=\"es_ES\" \/>\n<meta property=\"og:type\" content=\"article\" \/>\n<meta property=\"og:title\" content=\"Webinario de la IDI: \u00bfc\u00f3mo transformar\u00e1 la IA las pr\u00e1cticas de auditor\u00eda de las EFS? - IDI\" \/>\n<meta property=\"og:url\" content=\"https:\/\/idi.no\/es\/our-work\/initiative\/webinario-de-la-idi-como-transformara-la-ia-las-practicas-de-auditoria-de-las-efs\/\" \/>\n<meta property=\"og:site_name\" content=\"IDI\" \/>\n<meta property=\"article:modified_time\" content=\"2025-11-12T22:35:42+00:00\" \/>\n<meta property=\"og:image\" content=\"https:\/\/idi.no\/wp-content\/uploads\/2025\/10\/2nd-marketplace-2024-newsletter-sita-1200-x-720-px.jpg\" \/>\n\t<meta property=\"og:image:width\" content=\"1200\" \/>\n\t<meta property=\"og:image:height\" content=\"720\" \/>\n\t<meta property=\"og:image:type\" content=\"image\/jpeg\" \/>\n<meta name=\"twitter:card\" content=\"summary_large_image\" \/>\n<script type=\"application\/ld+json\" class=\"yoast-schema-graph\">{\"@context\":\"https:\\\/\\\/schema.org\",\"@graph\":[{\"@type\":\"WebPage\",\"@id\":\"https:\\\/\\\/idi.no\\\/es\\\/our-work\\\/initiative\\\/webinario-de-la-idi-como-transformara-la-ia-las-practicas-de-auditoria-de-las-efs\\\/\",\"url\":\"https:\\\/\\\/idi.no\\\/es\\\/our-work\\\/initiative\\\/webinario-de-la-idi-como-transformara-la-ia-las-practicas-de-auditoria-de-las-efs\\\/\",\"name\":\"Webinario de la IDI: \u00bfc\u00f3mo transformar\u00e1 la IA las pr\u00e1cticas de auditor\u00eda de las EFS? - IDI\",\"isPartOf\":{\"@id\":\"https:\\\/\\\/idi.no\\\/es\\\/#website\"},\"primaryImageOfPage\":{\"@id\":\"https:\\\/\\\/idi.no\\\/es\\\/our-work\\\/initiative\\\/webinario-de-la-idi-como-transformara-la-ia-las-practicas-de-auditoria-de-las-efs\\\/#primaryimage\"},\"image\":{\"@id\":\"https:\\\/\\\/idi.no\\\/es\\\/our-work\\\/initiative\\\/webinario-de-la-idi-como-transformara-la-ia-las-practicas-de-auditoria-de-las-efs\\\/#primaryimage\"},\"thumbnailUrl\":\"https:\\\/\\\/idi.no\\\/wp-content\\\/uploads\\\/2025\\\/10\\\/2nd-marketplace-2024-newsletter-sita-1200-x-720-px.jpg\",\"datePublished\":\"2025-10-16T14:05:55+00:00\",\"dateModified\":\"2025-11-12T22:35:42+00:00\",\"breadcrumb\":{\"@id\":\"https:\\\/\\\/idi.no\\\/es\\\/our-work\\\/initiative\\\/webinario-de-la-idi-como-transformara-la-ia-las-practicas-de-auditoria-de-las-efs\\\/#breadcrumb\"},\"inLanguage\":\"es\",\"potentialAction\":[{\"@type\":\"ReadAction\",\"target\":[\"https:\\\/\\\/idi.no\\\/es\\\/our-work\\\/initiative\\\/webinario-de-la-idi-como-transformara-la-ia-las-practicas-de-auditoria-de-las-efs\\\/\"]}]},{\"@type\":\"ImageObject\",\"inLanguage\":\"es\",\"@id\":\"https:\\\/\\\/idi.no\\\/es\\\/our-work\\\/initiative\\\/webinario-de-la-idi-como-transformara-la-ia-las-practicas-de-auditoria-de-las-efs\\\/#primaryimage\",\"url\":\"https:\\\/\\\/idi.no\\\/wp-content\\\/uploads\\\/2025\\\/10\\\/2nd-marketplace-2024-newsletter-sita-1200-x-720-px.jpg\",\"contentUrl\":\"https:\\\/\\\/idi.no\\\/wp-content\\\/uploads\\\/2025\\\/10\\\/2nd-marketplace-2024-newsletter-sita-1200-x-720-px.jpg\",\"width\":1200,\"height\":720},{\"@type\":\"BreadcrumbList\",\"@id\":\"https:\\\/\\\/idi.no\\\/es\\\/our-work\\\/initiative\\\/webinario-de-la-idi-como-transformara-la-ia-las-practicas-de-auditoria-de-las-efs\\\/#breadcrumb\",\"itemListElement\":[{\"@type\":\"ListItem\",\"position\":1,\"name\":\"Home\",\"item\":\"https:\\\/\\\/idi.no\\\/es\\\/\"},{\"@type\":\"ListItem\",\"position\":2,\"name\":\"Webinario de la IDI: \u00bfc\u00f3mo transformar\u00e1 la IA las pr\u00e1cticas de...\"}]},{\"@type\":\"WebSite\",\"@id\":\"https:\\\/\\\/idi.no\\\/es\\\/#website\",\"url\":\"https:\\\/\\\/idi.no\\\/es\\\/\",\"name\":\"IDI\",\"description\":\"\",\"potentialAction\":[{\"@type\":\"SearchAction\",\"target\":{\"@type\":\"EntryPoint\",\"urlTemplate\":\"https:\\\/\\\/idi.no\\\/es\\\/?s={search_term_string}\"},\"query-input\":{\"@type\":\"PropertyValueSpecification\",\"valueRequired\":true,\"valueName\":\"search_term_string\"}}],\"inLanguage\":\"es\"}]}<\/script>\n<!-- \/ Yoast SEO plugin. -->","yoast_head_json":{"title":"Webinario de la IDI: \u00bfc\u00f3mo transformar\u00e1 la IA las pr\u00e1cticas de auditor\u00eda de las EFS? - IDI","robots":{"index":"index","follow":"follow","max-snippet":"max-snippet:-1","max-image-preview":"max-image-preview:large","max-video-preview":"max-video-preview:-1"},"canonical":"https:\/\/idi.no\/es\/our-work\/initiative\/webinario-de-la-idi-como-transformara-la-ia-las-practicas-de-auditoria-de-las-efs\/","og_locale":"es_ES","og_type":"article","og_title":"Webinario de la IDI: \u00bfc\u00f3mo transformar\u00e1 la IA las pr\u00e1cticas de auditor\u00eda de las EFS? - IDI","og_url":"https:\/\/idi.no\/es\/our-work\/initiative\/webinario-de-la-idi-como-transformara-la-ia-las-practicas-de-auditoria-de-las-efs\/","og_site_name":"IDI","article_modified_time":"2025-11-12T22:35:42+00:00","og_image":[{"width":1200,"height":720,"url":"https:\/\/idi.no\/wp-content\/uploads\/2025\/10\/2nd-marketplace-2024-newsletter-sita-1200-x-720-px.jpg","type":"image\/jpeg"}],"twitter_card":"summary_large_image","schema":{"@context":"https:\/\/schema.org","@graph":[{"@type":"WebPage","@id":"https:\/\/idi.no\/es\/our-work\/initiative\/webinario-de-la-idi-como-transformara-la-ia-las-practicas-de-auditoria-de-las-efs\/","url":"https:\/\/idi.no\/es\/our-work\/initiative\/webinario-de-la-idi-como-transformara-la-ia-las-practicas-de-auditoria-de-las-efs\/","name":"Webinario de la IDI: \u00bfc\u00f3mo transformar\u00e1 la IA las pr\u00e1cticas de auditor\u00eda de las EFS? - IDI","isPartOf":{"@id":"https:\/\/idi.no\/es\/#website"},"primaryImageOfPage":{"@id":"https:\/\/idi.no\/es\/our-work\/initiative\/webinario-de-la-idi-como-transformara-la-ia-las-practicas-de-auditoria-de-las-efs\/#primaryimage"},"image":{"@id":"https:\/\/idi.no\/es\/our-work\/initiative\/webinario-de-la-idi-como-transformara-la-ia-las-practicas-de-auditoria-de-las-efs\/#primaryimage"},"thumbnailUrl":"https:\/\/idi.no\/wp-content\/uploads\/2025\/10\/2nd-marketplace-2024-newsletter-sita-1200-x-720-px.jpg","datePublished":"2025-10-16T14:05:55+00:00","dateModified":"2025-11-12T22:35:42+00:00","breadcrumb":{"@id":"https:\/\/idi.no\/es\/our-work\/initiative\/webinario-de-la-idi-como-transformara-la-ia-las-practicas-de-auditoria-de-las-efs\/#breadcrumb"},"inLanguage":"es","potentialAction":[{"@type":"ReadAction","target":["https:\/\/idi.no\/es\/our-work\/initiative\/webinario-de-la-idi-como-transformara-la-ia-las-practicas-de-auditoria-de-las-efs\/"]}]},{"@type":"ImageObject","inLanguage":"es","@id":"https:\/\/idi.no\/es\/our-work\/initiative\/webinario-de-la-idi-como-transformara-la-ia-las-practicas-de-auditoria-de-las-efs\/#primaryimage","url":"https:\/\/idi.no\/wp-content\/uploads\/2025\/10\/2nd-marketplace-2024-newsletter-sita-1200-x-720-px.jpg","contentUrl":"https:\/\/idi.no\/wp-content\/uploads\/2025\/10\/2nd-marketplace-2024-newsletter-sita-1200-x-720-px.jpg","width":1200,"height":720},{"@type":"BreadcrumbList","@id":"https:\/\/idi.no\/es\/our-work\/initiative\/webinario-de-la-idi-como-transformara-la-ia-las-practicas-de-auditoria-de-las-efs\/#breadcrumb","itemListElement":[{"@type":"ListItem","position":1,"name":"Home","item":"https:\/\/idi.no\/es\/"},{"@type":"ListItem","position":2,"name":"Webinario de la IDI: \u00bfc\u00f3mo transformar\u00e1 la IA las pr\u00e1cticas de..."}]},{"@type":"WebSite","@id":"https:\/\/idi.no\/es\/#website","url":"https:\/\/idi.no\/es\/","name":"IDI","description":"","potentialAction":[{"@type":"SearchAction","target":{"@type":"EntryPoint","urlTemplate":"https:\/\/idi.no\/es\/?s={search_term_string}"},"query-input":{"@type":"PropertyValueSpecification","valueRequired":true,"valueName":"search_term_string"}}],"inLanguage":"es"}]}},"_links":{"self":[{"href":"https:\/\/idi.no\/es\/wp-json\/wp\/v2\/our-work\/27562","targetHints":{"allow":["GET"]}}],"collection":[{"href":"https:\/\/idi.no\/es\/wp-json\/wp\/v2\/our-work"}],"about":[{"href":"https:\/\/idi.no\/es\/wp-json\/wp\/v2\/types\/our-work"}],"version-history":[{"count":1,"href":"https:\/\/idi.no\/es\/wp-json\/wp\/v2\/our-work\/27562\/revisions"}],"predecessor-version":[{"id":27565,"href":"https:\/\/idi.no\/es\/wp-json\/wp\/v2\/our-work\/27562\/revisions\/27565"}],"wp:featuredmedia":[{"embeddable":true,"href":"https:\/\/idi.no\/es\/wp-json\/wp\/v2\/media\/27563"}],"wp:attachment":[{"href":"https:\/\/idi.no\/es\/wp-json\/wp\/v2\/media?parent=27562"}],"wp:term":[{"taxonomy":"content-type","embeddable":true,"href":"https:\/\/idi.no\/es\/wp-json\/wp\/v2\/content-type?post=27562"},{"taxonomy":"topic","embeddable":true,"href":"https:\/\/idi.no\/es\/wp-json\/wp\/v2\/topic?post=27562"},{"taxonomy":"initiative","embeddable":true,"href":"https:\/\/idi.no\/es\/wp-json\/wp\/v2\/initiative?post=27562"},{"taxonomy":"area-of-focus","embeddable":true,"href":"https:\/\/idi.no\/es\/wp-json\/wp\/v2\/area-of-focus?post=27562"}],"curies":[{"name":"wp","href":"https:\/\/api.w.org\/{rel}","templated":true}]}}