{"id":28071,"date":"2025-10-15T18:28:14","date_gmt":"2025-10-15T18:28:14","guid":{"rendered":"https:\/\/idi.no\/our-work\/initiative\/proyecto-global-sobre-la-independencia-de-las-efs-metodologia-e-informe\/"},"modified":"2025-11-12T22:48:03","modified_gmt":"2025-11-12T22:48:03","slug":"proyecto-global-sobre-la-independencia-de-las-efs-metodologia-e-informe","status":"publish","type":"our-work","link":"https:\/\/idi.no\/es\/our-work\/initiative\/proyecto-global-sobre-la-independencia-de-las-efs-metodologia-e-informe\/","title":{"rendered":"Proyecto global sobre la independencia de las EFS: METODOLOG\u00cdA E INFORME"},"content":{"rendered":"\r\n<div  class=\"our-work-single-hero-block\" style=\"background-image:linear-gradient(180.00deg, rgba(0, 84, 142, 0) 76.41%,rgba(0, 84, 142, 0.8) 114.274%), url(https:\/\/idi.no\/wp-content\/uploads\/2025\/10\/AdobeStock_1129149814-scaled.jpeg);\">\r\n\t<div class=\"our-work-single-hero-block__container container\">\r\n\t\t<div class=\"our-work-single-hero-block__content\">\r\n\t\t\t\t\t\t\t\r\n\t\t\t\t<div class=\"our-work-single-hero-block__breadcrumbs breadcrumbs\">\r\n\t\t\t\t\t<span><span><a href=\"https:\/\/idi.no\/es\/\">Home<\/a><\/span><\/span>\t\t\t\t<\/div>\r\n\r\n\t\t\t\t\r\n\t\t\t\t\r\n\t\t\t\t\t\t<h1 class=\"our-work-single-hero-block__title\">\r\n\t\t\t\tProyecto global sobre la independencia de las EFS: METODOLOG\u00cdA E INFORME\r\n\t\t\t\t\r\n\r\n\t\t\t<\/h1>\r\n\t\t<\/div>\r\n\t<\/div>\r\n\r\n\t    <div class=\"our-work-single-hero-block__subnavigation\" data-active-index=\"0\">\r\n        <div class=\"our-work-single-hero-block__subnavigation-container container\">\r\n            <span class=\"our-work-single-hero-block__subnavigation-trigger-label\">\r\n                SECTIONS            <\/span>\r\n            <div class=\"our-work-single-hero-block__subnavigation-mobile-trigger\" tabindex=\"0\">\r\n                <span class=\"our-work-single-hero-block__subnavigation-trigger-active\">\r\n                    HOME                <\/span>\r\n                <span class=\"icon-chevron\"><img decoding=\"async\" src=\"https:\/\/idi.no\/wp-content\/themes\/idi\/assets\/images\/icons\/shevron_down.svg\" alt=\"\"><\/span>\r\n            <\/div>\r\n            <div class=\"our-work-single-hero-block__subnavigation-dropdown\">\r\n                \t\t\t\t\t                    <div class=\"our-work-single-hero-block__subnavigation-item is-active\" data-index=\"0\" data-url=\"https:\/\/idi.no\/our-work\/initiative\/global-project-on-sai-independence\/\">\r\n                        <a href=\"https:\/\/idi.no\/our-work\/initiative\/global-project-on-sai-independence\/\" class=\"our-work-single-hero-block__subnavigation-link\">\r\n                            HOME                        <\/a>\r\n                    <\/div>\r\n                \t\t\t\t\t                    <div class=\"our-work-single-hero-block__subnavigation-item\" data-index=\"1\" data-url=\"https:\/\/idi.no\/our-work\/initiative\/global-project-on-sai-independence\/global-project-on-sai-independence-partners\/\">\r\n                        <a href=\"https:\/\/idi.no\/our-work\/initiative\/global-project-on-sai-independence\/global-project-on-sai-independence-partners\/\" class=\"our-work-single-hero-block__subnavigation-link\">\r\n                            OUR PARTNERS                        <\/a>\r\n                    <\/div>\r\n                \t\t\t\t\t                    <div class=\"our-work-single-hero-block__subnavigation-item\" data-index=\"2\" data-url=\"https:\/\/idi.no\/our-work\/initiative\/global-project-on-sai-independence\/the-global-project-on-sai-independence-methodology-report\/\">\r\n                        <a href=\"https:\/\/idi.no\/our-work\/initiative\/global-project-on-sai-independence\/the-global-project-on-sai-independence-methodology-report\/\" class=\"our-work-single-hero-block__subnavigation-link\">\r\n                            METHODOLOGY AND REPORT                        <\/a>\r\n                    <\/div>\r\n                            <\/div>\r\n        <\/div>\r\n\t<\/div>\r\n<\/div>\r\n\n<div  class=\"text-and-media-block  block-image-align--left block-background-color--white with-circles\" >\n\t<div class=\"text-and-media-block__container container\">\n\t\t<div class=\"text-and-media-block__col\">\n\n\t\t\t\t\t\t\t\t\t\t\t\t\t<h2 class=\"text-and-media-block__title\">\n\t\t\t\t\tUn enfoque innovador. Un proceso s\u00f3lido. Un equipo global de expertos.  \t\t\t\t<\/h2>\n\t\t\t\t\t\t\t\t\t\t<div class=\"text-and-media-block__subtitle\">\n\t\t\t\t\tPara comprender realmente por qu\u00e9 la independencia de las EFS est\u00e1 bajo presi\u00f3n, debemos mirar m\u00e1s all\u00e1 de lo que est\u00e1 escrito en la ley. \t\t\t\t<\/div>\n\t\t\t\t\t\t\t\t\t\t<div class=\"text-and-media-block__description\">\n\t\t\t\t\t<p>El Proyecto Global sobre la Independencia de las EFS abre nuevos caminos al investigar <strong><em>factores informales<\/em><\/strong>, como las expectativas de lealtad, las percepciones p\u00fablicas o la cultura institucional que silenciosamente dan forma a c\u00f3mo se desarrolla la independencia en la pr\u00e1ctica. Respaldado por un enfoque riguroso de m\u00e9todos mixtos, combinamos conocimientos cualitativos y datos cuantitativos de la red global de la INTOSAI y m\u00e1s all\u00e1. Con el apoyo de expertos en datos de la OCDE y la Oficina de Responsabilidad Gubernamental (EFS de EE. UU.), nuestra metodolog\u00eda garantiza que los principios que desarrollamos est\u00e9n basados en evidencia, informados globalmente y dise\u00f1ados para impulsar un cambio real.  <\/p>\n\t\t\t\t<\/div>\n\t\t\t\n\t\t\t<div class=\"text-and-media-block__button-list\">\n\t\t\t\n\t\t\t\t\t\t<\/div>\n\t\t<\/div>\n\t\t\t\t    <div class=\"text-and-media-block__col\">\n\t\t\t\t<div class=\"text-and-media-block__image\">\n\t\t\t\t\t<img decoding=\"async\" src=\"https:\/\/idi.no\/wp-content\/uploads\/2025\/10\/METO-e1760553199138.jpg\" alt=\"GLOBAL PROJECT\">\n\t\t\t\t<\/div>\n\t\t\t<\/div>\n\t\t\t\t<\/div>\n<\/div>\n\r\n<div  class=\"text-only-block text-only-block__blue-background text-only-block__text-only\"> <!-- Removed undefined $style (before: echoed $style) -->\r\n    <div class=\"text-only-block__container container\">\r\n                    <div class=\"text-only-block__content\">\r\n                                    <h2 class=\"text-only-block__title\">C\u00f3mo recopilamos los datos<\/h2>\r\n                                                    <div class=\"text-only-block__subtitle lede\">Perspectivas globales. Conocimientos locales. Experiencias del mundo real. Para garantizar que el Proyecto Global refleje las realidades sobre el terreno, hemos recopilado datos a trav\u00e9s de una combinaci\u00f3n de m\u00e9todos y voces:   <\/div>\r\n                                                \r\n                <!-- New: Wrap all buttons in __button-list for consistency with working block -->\r\n                <div class=\"text-only-block__button-list\">\r\n                    \r\n                                    <\/div>\r\n            <\/div>\r\n        \r\n        \r\n        \r\n            <\/div>\r\n<\/div>\r\n<div  class=\"text-only-block text-only-block__blue-background text-only-block__columns-repeater\"> <!-- Removed undefined $style (before: echoed $style) -->\r\n    <div class=\"text-only-block__container container\">\r\n        \r\n        \r\n                    <div class=\"text-only-block__content\">\r\n                                                                    <div class=\"text-only-block__columns\">\r\n                                                <div class=\"text-only-block__column\">\r\n                                                            <img decoding=\"async\" \r\n                                    class=\"\" \r\n                                    src=\"https:\/\/idi.no\/wp-content\/uploads\/2025\/10\/Asset-24-1.png\" \r\n                                    alt=\"\">\r\n                                                                                                                    <div class=\"text-only-block__column-subtitle lede\">Talleres de planificaci\u00f3n<\/div>\r\n                                                                                        <div class=\"text-only-block__column-description\"><p>para explorar los desaf\u00edos de la independencia en contexto y dar forma a nuestro trabajo de campo.<\/p>\n<\/div>\r\n                                                                                <\/div>\r\n                                                <div class=\"text-only-block__column\">\r\n                                                            <img decoding=\"async\" \r\n                                    class=\"\" \r\n                                    src=\"https:\/\/idi.no\/wp-content\/uploads\/2025\/10\/Asset-22-1.png\" \r\n                                    alt=\"\">\r\n                                                                                                                    <div class=\"text-only-block__column-subtitle lede\">Encuestas a las EFS en los pa\u00edses de la OCDE <\/div>\r\n                                                                                        <div class=\"text-only-block__column-description\"><p>para recopilar informaci\u00f3n estructurada de instituciones clave.<\/p>\n<p><strong>Cuestionarios para las partes interesadas m\u00e1s amplias<\/strong>, incluidas las EFS no pertenecientes a la OCDE, la sociedad civil y los actores gubernamentales.<\/p>\n<\/div>\r\n                                                                                <\/div>\r\n                                                <div class=\"text-only-block__column\">\r\n                                                            <img decoding=\"async\" \r\n                                    class=\"\" \r\n                                    src=\"https:\/\/idi.no\/wp-content\/uploads\/2025\/10\/Asset-23-1.png\" \r\n                                    alt=\"\">\r\n                                                                                                                    <div class=\"text-only-block__column-subtitle lede\">Visitas a pa\u00edses y talleres regionales <\/div>\r\n                                                                                        <div class=\"text-only-block__column-description\"><p>donde los participantes compartieron experiencias y ayudaron a perfeccionar nuestro enfoque.<\/p>\n<\/div>\r\n                                                                                <\/div>\r\n                                                <div class=\"text-only-block__column\">\r\n                                                            <img decoding=\"async\" \r\n                                    class=\"\" \r\n                                    src=\"https:\/\/idi.no\/wp-content\/uploads\/2025\/10\/Asset-25-1.png\" \r\n                                    alt=\"\">\r\n                                                                                                                    <div class=\"text-only-block__column-subtitle lede\">Consultas con diversas partes interesadas <\/div>\r\n                                                                                        <div class=\"text-only-block__column-description\"><p>incluidas las EFS, los parlamentarios (a trav\u00e9s de las redes de la OCDE) y las organizaciones de la sociedad civil.<\/p>\n<\/div>\r\n                                                                                <\/div>\r\n                                            <\/div>\r\n                                \r\n                <!-- New: Added entire button section here (including main button + additional_buttons in __button-list) to support repeater in this layout -->\r\n                <div class=\"text-only-block__button-list\">\r\n                    \r\n                                    <\/div>\r\n            <\/div>\r\n        \r\n            <\/div>\r\n<\/div>\n<div class=\"wp-block-columns is-layout-flex wp-container-core-columns-is-layout-28f84493 wp-block-columns-is-layout-flex\">\n<div class=\"wp-block-column is-layout-flow wp-block-column-is-layout-flow\">\n<h2 class=\"wp-block-heading\"><mark style=\"background-color:rgba(0, 0, 0, 0);color:#00548e\" class=\"has-inline-color\"><mark style=\"background-color:rgba(0, 0, 0, 0);color:#3376a5\" class=\"has-inline-color\"><strong>Convertir la informaci\u00f3n en acci\u00f3n, con resultados que elevan el list\u00f3n<\/strong><\/mark><\/mark><\/h2>\n\n\n\n<h6 class=\"wp-block-heading\"><mark style=\"background-color:rgba(0, 0, 0, 0);color:#3376a5\" class=\"has-inline-color\"><strong>Escuche c\u00f3mo el proyecto global sobre la independencia de las EFS est\u00e1 realizando una investigaci\u00f3n rigurosa<\/strong> <\/mark><\/h6>\n\n\n\n<p><\/p>\n\n\n\n<p class=\"has-link-color wp-elements-261cb1a9a1ee57f78cd5e42076fee077\"><\/p>\n<\/div>\n\n\n\n<div class=\"wp-block-column is-layout-flow wp-block-column-is-layout-flow\">\n<div  class=\"video-block \" >\n\t<div class=\"video-block__container container container_video-block__poster-play--center \">\n\t\t\t\t\t\t\t\t\t\t\t\t<div class=\"video-block__poster\">\n\t\t\t\t\t<div class=\"video-block__video-background\"><\/div>\n\t\t\t\t\t\t<img decoding=\"async\" src=\"https:\/\/idi.no\/wp-content\/uploads\/2025\/10\/Video-cover.png\" alt=\"\">\n\t\t\t\t\t\t<div class=\"video-block__poster-play-wrapper\">\n\t\t\t\t\t\t\t<button class=\"video-block__poster-play\" aria-label=\"Play video\">\n\t\t\t\t\t\t\t\t<img decoding=\"async\" src=\"https:\/\/idi.no\/wp-content\/themes\/idi\/assets\/images\/icons\/play-icon.svg\" alt=\"Play video\">\n\t\t\t\t\t\t\t<\/button>\n\t\t\t\t\t\t\t\t\t\t\t\t\t<\/div>\n\t\t\t\t\t<\/div>\n\t\t\t\t\t\t\t\t\t\t\t\t\t\t<div class=\"video-block__iframe-wrapper\" style=\"display: none;\">\n\t\t\t\t\t\t\t<iframe loading=\"lazy\" src=\"https:\/\/player.vimeo.com\/video\/1128113409?h=638c6884f4&amp;dnt=1&amp;app_id=122963&amp;controls=1&amp;hd=1&amp;autohide=1\" width=\"390\" height=\"390\" frameborder=\"0\"><\/iframe>\t\t\t\t\t\t<\/div>\n\t\t\t\t\n\t\t\t\t\t\t\t\t\t\t\t\t\n\t\t\t\t<\/div>\n<\/div>\n<\/div>\n<\/div>\n\r\n<div  class=\"text-only-block text-only-block__white-background text-only-block__text-only\"> <!-- Removed undefined $style (before: echoed $style) -->\r\n    <div class=\"text-only-block__container container\">\r\n                    <div class=\"text-only-block__content\">\r\n                                    <h2 class=\"text-only-block__title\">El informe IDI-OCDE<\/h2>\r\n                                                    <div class=\"text-only-block__subtitle lede\">En el coraz\u00f3n de este proyecto hay un objetivo audaz: crear una agenda compartida para fortalecer la independencia de las EFS en todas partes.<\/div>\r\n                                                    <div class=\"text-only-block__description\"><p>El informe conjunto IDI-OCDE har\u00e1 m\u00e1s que resaltar los problemas. Ofrecer\u00e1 orientaci\u00f3n pr\u00e1ctica y principios globales para ayudar a los pa\u00edses a dar pasos reales hacia adelante. Arraigado en la Declaraci\u00f3n de M\u00e9xico de la INTSOSAI, el informe tiene como objetivo fomentar una participaci\u00f3n m\u00e1s profunda entre los ministerios de finanzas, los parlamentos y las instituciones de supervisi\u00f3n.  <\/p>\n<p>&nbsp;<\/p>\n<p class=\"lede\" style=\"text-align: left\">El informe final y las futuras herramientas, que se estrenar\u00e1n en 2026, se presentar\u00e1n aqu\u00ed. Mant\u00e9ngase atento.<\/p>\n<\/div>\r\n                                \r\n                <!-- New: Wrap all buttons in __button-list for consistency with working block -->\r\n                <div class=\"text-only-block__button-list\">\r\n                    \r\n                                    <\/div>\r\n            <\/div>\r\n        \r\n        \r\n        \r\n            <\/div>\r\n<\/div>","protected":false},"excerpt":{"rendered":"<p>Convertir la informaci&oacute;n en acci&oacute;n, con resultados que elevan el list&oacute;n Escuche c&oacute;mo el proyecto global sobre la independencia de [&hellip;]<\/p>\n","protected":false},"featured_media":28077,"parent":0,"menu_order":0,"template":"","content-type":[],"topic":[],"initiative":[],"area-of-focus":[],"class_list":["post-28071","our-work","type-our-work","status-publish","has-post-thumbnail","hentry"],"acf":[],"yoast_head":"<!-- This site is optimized with the Yoast SEO plugin v27.4 - https:\/\/yoast.com\/product\/yoast-seo-wordpress\/ -->\n<title>Proyecto global sobre la independencia de las EFS: METODOLOG\u00cdA E INFORME - IDI<\/title>\n<meta name=\"robots\" content=\"index, follow, max-snippet:-1, max-image-preview:large, max-video-preview:-1\" \/>\n<link rel=\"canonical\" href=\"https:\/\/idi.no\/es\/our-work\/initiative\/proyecto-global-sobre-la-independencia-de-las-efs-metodologia-e-informe\/\" \/>\n<meta property=\"og:locale\" content=\"es_ES\" \/>\n<meta property=\"og:type\" content=\"article\" \/>\n<meta property=\"og:title\" content=\"Proyecto global sobre la independencia de las EFS: METODOLOG\u00cdA E INFORME - IDI\" \/>\n<meta property=\"og:description\" content=\"Convertir la informaci&oacute;n en acci&oacute;n, con resultados que elevan el list&oacute;n Escuche c&oacute;mo el proyecto global sobre la independencia de [&hellip;]\" \/>\n<meta property=\"og:url\" content=\"https:\/\/idi.no\/es\/our-work\/initiative\/proyecto-global-sobre-la-independencia-de-las-efs-metodologia-e-informe\/\" \/>\n<meta property=\"og:site_name\" content=\"IDI\" \/>\n<meta property=\"article:modified_time\" content=\"2025-11-12T22:48:03+00:00\" \/>\n<meta property=\"og:image\" content=\"https:\/\/idi.no\/wp-content\/uploads\/2025\/10\/AdobeStock_1129149814-scaled.jpeg\" \/>\n\t<meta property=\"og:image:width\" content=\"2560\" \/>\n\t<meta property=\"og:image:height\" content=\"1019\" \/>\n\t<meta property=\"og:image:type\" content=\"image\/jpeg\" \/>\n<meta name=\"twitter:card\" content=\"summary_large_image\" \/>\n<script type=\"application\/ld+json\" class=\"yoast-schema-graph\">{\"@context\":\"https:\\\/\\\/schema.org\",\"@graph\":[{\"@type\":\"WebPage\",\"@id\":\"https:\\\/\\\/idi.no\\\/es\\\/our-work\\\/initiative\\\/proyecto-global-sobre-la-independencia-de-las-efs-metodologia-e-informe\\\/\",\"url\":\"https:\\\/\\\/idi.no\\\/es\\\/our-work\\\/initiative\\\/proyecto-global-sobre-la-independencia-de-las-efs-metodologia-e-informe\\\/\",\"name\":\"Proyecto global sobre la independencia de las EFS: METODOLOG\u00cdA E INFORME - IDI\",\"isPartOf\":{\"@id\":\"https:\\\/\\\/idi.no\\\/es\\\/#website\"},\"primaryImageOfPage\":{\"@id\":\"https:\\\/\\\/idi.no\\\/es\\\/our-work\\\/initiative\\\/proyecto-global-sobre-la-independencia-de-las-efs-metodologia-e-informe\\\/#primaryimage\"},\"image\":{\"@id\":\"https:\\\/\\\/idi.no\\\/es\\\/our-work\\\/initiative\\\/proyecto-global-sobre-la-independencia-de-las-efs-metodologia-e-informe\\\/#primaryimage\"},\"thumbnailUrl\":\"https:\\\/\\\/idi.no\\\/wp-content\\\/uploads\\\/2025\\\/10\\\/AdobeStock_1129149814-scaled.jpeg\",\"datePublished\":\"2025-10-15T18:28:14+00:00\",\"dateModified\":\"2025-11-12T22:48:03+00:00\",\"breadcrumb\":{\"@id\":\"https:\\\/\\\/idi.no\\\/es\\\/our-work\\\/initiative\\\/proyecto-global-sobre-la-independencia-de-las-efs-metodologia-e-informe\\\/#breadcrumb\"},\"inLanguage\":\"es\",\"potentialAction\":[{\"@type\":\"ReadAction\",\"target\":[\"https:\\\/\\\/idi.no\\\/es\\\/our-work\\\/initiative\\\/proyecto-global-sobre-la-independencia-de-las-efs-metodologia-e-informe\\\/\"]}]},{\"@type\":\"ImageObject\",\"inLanguage\":\"es\",\"@id\":\"https:\\\/\\\/idi.no\\\/es\\\/our-work\\\/initiative\\\/proyecto-global-sobre-la-independencia-de-las-efs-metodologia-e-informe\\\/#primaryimage\",\"url\":\"https:\\\/\\\/idi.no\\\/wp-content\\\/uploads\\\/2025\\\/10\\\/AdobeStock_1129149814-scaled.jpeg\",\"contentUrl\":\"https:\\\/\\\/idi.no\\\/wp-content\\\/uploads\\\/2025\\\/10\\\/AdobeStock_1129149814-scaled.jpeg\",\"width\":2560,\"height\":1019},{\"@type\":\"BreadcrumbList\",\"@id\":\"https:\\\/\\\/idi.no\\\/es\\\/our-work\\\/initiative\\\/proyecto-global-sobre-la-independencia-de-las-efs-metodologia-e-informe\\\/#breadcrumb\",\"itemListElement\":[{\"@type\":\"ListItem\",\"position\":1,\"name\":\"Home\",\"item\":\"https:\\\/\\\/idi.no\\\/es\\\/\"},{\"@type\":\"ListItem\",\"position\":2,\"name\":\"Proyecto global sobre la independencia de las EFS: METODOLOG\u00cdA E...\"}]},{\"@type\":\"WebSite\",\"@id\":\"https:\\\/\\\/idi.no\\\/es\\\/#website\",\"url\":\"https:\\\/\\\/idi.no\\\/es\\\/\",\"name\":\"IDI\",\"description\":\"\",\"potentialAction\":[{\"@type\":\"SearchAction\",\"target\":{\"@type\":\"EntryPoint\",\"urlTemplate\":\"https:\\\/\\\/idi.no\\\/es\\\/?s={search_term_string}\"},\"query-input\":{\"@type\":\"PropertyValueSpecification\",\"valueRequired\":true,\"valueName\":\"search_term_string\"}}],\"inLanguage\":\"es\"}]}<\/script>\n<!-- \/ Yoast SEO plugin. -->","yoast_head_json":{"title":"Proyecto global sobre la independencia de las EFS: METODOLOG\u00cdA E INFORME - IDI","robots":{"index":"index","follow":"follow","max-snippet":"max-snippet:-1","max-image-preview":"max-image-preview:large","max-video-preview":"max-video-preview:-1"},"canonical":"https:\/\/idi.no\/es\/our-work\/initiative\/proyecto-global-sobre-la-independencia-de-las-efs-metodologia-e-informe\/","og_locale":"es_ES","og_type":"article","og_title":"Proyecto global sobre la independencia de las EFS: METODOLOG\u00cdA E INFORME - IDI","og_description":"Convertir la informaci&oacute;n en acci&oacute;n, con resultados que elevan el list&oacute;n Escuche c&oacute;mo el proyecto global sobre la independencia de [&hellip;]","og_url":"https:\/\/idi.no\/es\/our-work\/initiative\/proyecto-global-sobre-la-independencia-de-las-efs-metodologia-e-informe\/","og_site_name":"IDI","article_modified_time":"2025-11-12T22:48:03+00:00","og_image":[{"width":2560,"height":1019,"url":"https:\/\/idi.no\/wp-content\/uploads\/2025\/10\/AdobeStock_1129149814-scaled.jpeg","type":"image\/jpeg"}],"twitter_card":"summary_large_image","schema":{"@context":"https:\/\/schema.org","@graph":[{"@type":"WebPage","@id":"https:\/\/idi.no\/es\/our-work\/initiative\/proyecto-global-sobre-la-independencia-de-las-efs-metodologia-e-informe\/","url":"https:\/\/idi.no\/es\/our-work\/initiative\/proyecto-global-sobre-la-independencia-de-las-efs-metodologia-e-informe\/","name":"Proyecto global sobre la independencia de las EFS: METODOLOG\u00cdA E INFORME - IDI","isPartOf":{"@id":"https:\/\/idi.no\/es\/#website"},"primaryImageOfPage":{"@id":"https:\/\/idi.no\/es\/our-work\/initiative\/proyecto-global-sobre-la-independencia-de-las-efs-metodologia-e-informe\/#primaryimage"},"image":{"@id":"https:\/\/idi.no\/es\/our-work\/initiative\/proyecto-global-sobre-la-independencia-de-las-efs-metodologia-e-informe\/#primaryimage"},"thumbnailUrl":"https:\/\/idi.no\/wp-content\/uploads\/2025\/10\/AdobeStock_1129149814-scaled.jpeg","datePublished":"2025-10-15T18:28:14+00:00","dateModified":"2025-11-12T22:48:03+00:00","breadcrumb":{"@id":"https:\/\/idi.no\/es\/our-work\/initiative\/proyecto-global-sobre-la-independencia-de-las-efs-metodologia-e-informe\/#breadcrumb"},"inLanguage":"es","potentialAction":[{"@type":"ReadAction","target":["https:\/\/idi.no\/es\/our-work\/initiative\/proyecto-global-sobre-la-independencia-de-las-efs-metodologia-e-informe\/"]}]},{"@type":"ImageObject","inLanguage":"es","@id":"https:\/\/idi.no\/es\/our-work\/initiative\/proyecto-global-sobre-la-independencia-de-las-efs-metodologia-e-informe\/#primaryimage","url":"https:\/\/idi.no\/wp-content\/uploads\/2025\/10\/AdobeStock_1129149814-scaled.jpeg","contentUrl":"https:\/\/idi.no\/wp-content\/uploads\/2025\/10\/AdobeStock_1129149814-scaled.jpeg","width":2560,"height":1019},{"@type":"BreadcrumbList","@id":"https:\/\/idi.no\/es\/our-work\/initiative\/proyecto-global-sobre-la-independencia-de-las-efs-metodologia-e-informe\/#breadcrumb","itemListElement":[{"@type":"ListItem","position":1,"name":"Home","item":"https:\/\/idi.no\/es\/"},{"@type":"ListItem","position":2,"name":"Proyecto global sobre la independencia de las EFS: METODOLOG\u00cdA E..."}]},{"@type":"WebSite","@id":"https:\/\/idi.no\/es\/#website","url":"https:\/\/idi.no\/es\/","name":"IDI","description":"","potentialAction":[{"@type":"SearchAction","target":{"@type":"EntryPoint","urlTemplate":"https:\/\/idi.no\/es\/?s={search_term_string}"},"query-input":{"@type":"PropertyValueSpecification","valueRequired":true,"valueName":"search_term_string"}}],"inLanguage":"es"}]}},"_links":{"self":[{"href":"https:\/\/idi.no\/es\/wp-json\/wp\/v2\/our-work\/28071","targetHints":{"allow":["GET"]}}],"collection":[{"href":"https:\/\/idi.no\/es\/wp-json\/wp\/v2\/our-work"}],"about":[{"href":"https:\/\/idi.no\/es\/wp-json\/wp\/v2\/types\/our-work"}],"version-history":[{"count":1,"href":"https:\/\/idi.no\/es\/wp-json\/wp\/v2\/our-work\/28071\/revisions"}],"predecessor-version":[{"id":28084,"href":"https:\/\/idi.no\/es\/wp-json\/wp\/v2\/our-work\/28071\/revisions\/28084"}],"wp:featuredmedia":[{"embeddable":true,"href":"https:\/\/idi.no\/es\/wp-json\/wp\/v2\/media\/28077"}],"wp:attachment":[{"href":"https:\/\/idi.no\/es\/wp-json\/wp\/v2\/media?parent=28071"}],"wp:term":[{"taxonomy":"content-type","embeddable":true,"href":"https:\/\/idi.no\/es\/wp-json\/wp\/v2\/content-type?post=28071"},{"taxonomy":"topic","embeddable":true,"href":"https:\/\/idi.no\/es\/wp-json\/wp\/v2\/topic?post=28071"},{"taxonomy":"initiative","embeddable":true,"href":"https:\/\/idi.no\/es\/wp-json\/wp\/v2\/initiative?post=28071"},{"taxonomy":"area-of-focus","embeddable":true,"href":"https:\/\/idi.no\/es\/wp-json\/wp\/v2\/area-of-focus?post=28071"}],"curies":[{"name":"wp","href":"https:\/\/api.w.org\/{rel}","templated":true}]}}