{"id":30091,"date":"2025-09-01T12:11:33","date_gmt":"2025-09-01T12:11:33","guid":{"rendered":"https:\/\/idi.no\/our-work\/initiative\/pesa-formacion-profesional-para-auditores-de-efs\/"},"modified":"2026-04-10T13:13:53","modified_gmt":"2026-04-10T13:13:53","slug":"pesa-formacion-profesional-para-auditores-de-efs","status":"publish","type":"our-work","link":"https:\/\/idi.no\/es\/our-work\/initiative\/pesa-formacion-profesional-para-auditores-de-efs\/","title":{"rendered":"PESA &#8211; Calificaci\u00f3n profesional para el personal auditor de las EFS"},"content":{"rendered":"\r\n<div  class=\"our-work-single-hero-block\" style=\"background-image:linear-gradient(180.00deg, rgba(0, 84, 142, 0) 76.41%,rgba(0, 84, 142, 0.8) 114.274%), url(https:\/\/idi.no\/wp-content\/uploads\/2025\/09\/PESA-NEW-HERO.jpg);\">\r\n\t<div class=\"our-work-single-hero-block__container container\">\r\n\t\t<div class=\"our-work-single-hero-block__content\">\r\n\t\t\t\t\t\t\t\r\n\t\t\t\t<div class=\"our-work-single-hero-block__breadcrumbs breadcrumbs\">\r\n\t\t\t\t\t<span><span><a href=\"https:\/\/idi.no\/es\/\">Home<\/a><\/span><\/span>\t\t\t\t<\/div>\r\n\r\n\t\t\t\t\r\n\t\t\t\t\r\n\t\t\t\t\t\t<h1 class=\"our-work-single-hero-block__title\">\r\n\t\t\t\tPESA &#8211; Calificaci\u00f3n profesional para el personal auditor de las EFS\r\n\t\t\t\t\r\n\r\n\t\t\t<\/h1>\r\n\t\t<\/div>\r\n\t<\/div>\r\n\r\n\t    <div class=\"our-work-single-hero-block__subnavigation\" data-active-index=\"0\">\r\n        <div class=\"our-work-single-hero-block__subnavigation-container container\">\r\n            <span class=\"our-work-single-hero-block__subnavigation-trigger-label\">\r\n                SECTIONS            <\/span>\r\n            <div class=\"our-work-single-hero-block__subnavigation-mobile-trigger\" tabindex=\"0\">\r\n                <span class=\"our-work-single-hero-block__subnavigation-trigger-active\">\r\n                    HOME                <\/span>\r\n                <span class=\"icon-chevron\"><img decoding=\"async\" src=\"https:\/\/idi.no\/wp-content\/themes\/idi\/assets\/images\/icons\/shevron_down.svg\" alt=\"\"><\/span>\r\n            <\/div>\r\n            <div class=\"our-work-single-hero-block__subnavigation-dropdown\">\r\n                \t\t\t\t\t                    <div class=\"our-work-single-hero-block__subnavigation-item is-active\" data-index=\"0\" data-url=\"\/our-work\/initiative\/pesa\">\r\n                        <a href=\"\/our-work\/initiative\/pesa\" class=\"our-work-single-hero-block__subnavigation-link\">\r\n                            HOME                        <\/a>\r\n                    <\/div>\r\n                \t\t\t\t\t                    <div class=\"our-work-single-hero-block__subnavigation-item\" data-index=\"1\" data-url=\"https:\/\/idi.no\/our-work\/initiative\/what-is-pesa\/\">\r\n                        <a href=\"https:\/\/idi.no\/our-work\/initiative\/what-is-pesa\/\" class=\"our-work-single-hero-block__subnavigation-link\">\r\n                            WHAT IS PESA?                        <\/a>\r\n                    <\/div>\r\n                \t\t\t\t\t                    <div class=\"our-work-single-hero-block__subnavigation-item\" data-index=\"2\" data-url=\"https:\/\/idi.no\/our-work\/initiative\/pesa\/who-are-the-role-players-in-pesa\/\">\r\n                        <a href=\"https:\/\/idi.no\/our-work\/initiative\/pesa\/who-are-the-role-players-in-pesa\/\" class=\"our-work-single-hero-block__subnavigation-link\">\r\n                            ROLE PLAYERS                        <\/a>\r\n                    <\/div>\r\n                \t\t\t\t\t                    <div class=\"our-work-single-hero-block__subnavigation-item\" data-index=\"3\" data-url=\"https:\/\/idi.no\/our-work\/initiative\/pesa\/pesa-cross-cutting\/\">\r\n                        <a href=\"https:\/\/idi.no\/our-work\/initiative\/pesa\/pesa-cross-cutting\/\" class=\"our-work-single-hero-block__subnavigation-link\">\r\n                            CROSS-CUTTING                        <\/a>\r\n                    <\/div>\r\n                \t\t\t\t\t                    <div class=\"our-work-single-hero-block__subnavigation-item\" data-index=\"4\" data-url=\"https:\/\/idi.no\/our-work\/initiative\/pesa\/compliance-audit-learning-outcomes\/\">\r\n                        <a href=\"https:\/\/idi.no\/our-work\/initiative\/pesa\/compliance-audit-learning-outcomes\/\" class=\"our-work-single-hero-block__subnavigation-link\">\r\n                            COMPLIANCE AUDIT                        <\/a>\r\n                    <\/div>\r\n                \t\t\t\t\t                    <div class=\"our-work-single-hero-block__subnavigation-item\" data-index=\"5\" data-url=\"https:\/\/idi.no\/our-work\/initiative\/pesa\/financial-audit-learning-outcomes\/\">\r\n                        <a href=\"https:\/\/idi.no\/our-work\/initiative\/pesa\/financial-audit-learning-outcomes\/\" class=\"our-work-single-hero-block__subnavigation-link\">\r\n                            FINANCIAL AUDIT                        <\/a>\r\n                    <\/div>\r\n                \t\t\t\t\t                    <div class=\"our-work-single-hero-block__subnavigation-item\" data-index=\"6\" data-url=\"https:\/\/idi.no\/our-work\/initiative\/pesa\/performance-audit-learning-outcomes\/\">\r\n                        <a href=\"https:\/\/idi.no\/our-work\/initiative\/pesa\/performance-audit-learning-outcomes\/\" class=\"our-work-single-hero-block__subnavigation-link\">\r\n                            PERFORMANCE AUDIT                        <\/a>\r\n                    <\/div>\r\n                \t\t\t\t\t                    <div class=\"our-work-single-hero-block__subnavigation-item\" data-index=\"7\" data-url=\"https:\/\/idi.no\/our-work\/initiative\/pesa-certifiation\/\">\r\n                        <a href=\"https:\/\/idi.no\/our-work\/initiative\/pesa-certifiation\/\" class=\"our-work-single-hero-block__subnavigation-link\">\r\n                            TESTIMONIALS                        <\/a>\r\n                    <\/div>\r\n                \t\t\t\t\t                    <div class=\"our-work-single-hero-block__subnavigation-item\" data-index=\"8\" data-url=\"https:\/\/idi.no\/our-work\/initiative\/assessment-policy\/\">\r\n                        <a href=\"https:\/\/idi.no\/our-work\/initiative\/assessment-policy\/\" class=\"our-work-single-hero-block__subnavigation-link\">\r\n                            ASSESSMENT                        <\/a>\r\n                    <\/div>\r\n                \t\t\t\t\t                    <div class=\"our-work-single-hero-block__subnavigation-item\" data-index=\"9\" data-url=\"https:\/\/idi.no\/our-work\/initiative\/pesa\/pesa-news-and-events\/\">\r\n                        <a href=\"https:\/\/idi.no\/our-work\/initiative\/pesa\/pesa-news-and-events\/\" class=\"our-work-single-hero-block__subnavigation-link\">\r\n                            NEWS AND EVENTS                        <\/a>\r\n                    <\/div>\r\n                            <\/div>\r\n        <\/div>\r\n\t<\/div>\r\n<\/div>\r\n\r\n<div  class=\"text-only-block text-only-block__white-background text-only-block__text-only\"> <!-- Removed undefined $style (before: echoed $style) -->\r\n    <div class=\"text-only-block__container container\">\r\n                    <div class=\"text-only-block__content\">\r\n                                    <h2 class=\"text-only-block__title\">\u00a1Bienvenido a PESA!<\/h2>\r\n                                                    <div class=\"text-only-block__subtitle lede\">PESA prev\u00e9 una masa cr\u00edtica de auditores y auditoras profesionales de EFS que contribuyan a las EFS profesionales.<\/div>\r\n                                                    <div class=\"text-only-block__description\"><p><img loading=\"lazy\" decoding=\"async\" class=\"alignnone size-large wp-image-32025\" src=\"https:\/\/idi.no\/wp-content\/uploads\/2025\/09\/Asset-11-1024x578.png\" alt=\"\" width=\"1024\" height=\"578\" srcset=\"https:\/\/idi.no\/wp-content\/uploads\/2025\/09\/Asset-11-1024x578.png 1024w, https:\/\/idi.no\/wp-content\/uploads\/2025\/09\/Asset-11-300x169.png 300w, https:\/\/idi.no\/wp-content\/uploads\/2025\/09\/Asset-11-768x434.png 768w, https:\/\/idi.no\/wp-content\/uploads\/2025\/09\/Asset-11-1536x867.png 1536w, https:\/\/idi.no\/wp-content\/uploads\/2025\/09\/Asset-11-2048x1156.png 2048w\" sizes=\"auto, (max-width: 1024px) 100vw, 1024px\" \/><\/p>\n<\/div>\r\n                                \r\n                <!-- New: Wrap all buttons in __button-list for consistency with working block -->\r\n                <div class=\"text-only-block__button-list\">\r\n                    \r\n                                    <\/div>\r\n            <\/div>\r\n        \r\n        \r\n        \r\n            <\/div>\r\n<\/div>\n<div  class=\"text-and-media-block  block-image-align--right block-background-color--blue with-circles\" >\n\t<div class=\"text-and-media-block__container container\">\n\t\t<div class=\"text-and-media-block__col\">\n\n\t\t\t\t\t\t\t\t\t\t\t\t\t<h2 class=\"text-and-media-block__title\">\n\t\t\t\t\tPESA envisions a critical mass of professional SAI auditors contributing to professional SAIs \t\t\t\t<\/h2>\n\t\t\t\t\t\t\t\t\t\t<div class=\"text-and-media-block__subtitle\">\n\t\t\t\t\tThrough PESA IDI is forming a partnership with SAIs to develop the universal competencies required for the application of the ISSAIs. IDI has developed and prepared the integrated education and reflection framework.\t\t\t\t<\/div>\n\t\t\t\t\t\t\t\t\t\t<div class=\"text-and-media-block__description\">\n\t\t\t\t\t<p>Using this framework, the SAI Auditor is expected to develop knowledge and skills related to the principles of audit and the process of conducting a high-quality audit as per the ISSAIs.<\/p>\n<p>PESA is a professional education and qualification initiative that aims to create a critical mass of SAI audit professionals with competencies to add value to the SAI\u2019s professionalisation journey. It provides opportunities for education, assessment and reflection alongside the work experience offered within a SAI. The syllabus is based on INTOSAI\u2019s Competency Framework. The education includes two cross-cutting papers common to all participants and five papers each on compliance, financial or performance audit streams.<\/p>\n\t\t\t\t<\/div>\n\t\t\t\n\t\t\t<div class=\"text-and-media-block__button-list\">\n\t\t\t\n\t\t\t\t\t\t<\/div>\n\t\t<\/div>\n\t\t\t\t    <div class=\"text-and-media-block__col\">\n\t\t\t\t<div class=\"text-and-media-block__image\">\n\t\t\t\t\t<img decoding=\"async\" src=\"https:\/\/idi.no\/wp-content\/uploads\/2025\/09\/PESA-Stats-2026-horizontal.png\" alt=\"\">\n\t\t\t\t<\/div>\n\t\t\t<\/div>\n\t\t\t\t<\/div>\n<\/div>\n\t<div \n\t\t\tclass=\"recent-resources-block  block-style_white\">\n\t\t<div class=\"recent-resources-block__container container resource_type__All\">\n\t\t\t<h2 class=\"recent-resources-block__label \">PESA ANNOUNCEMENT (Available in English and Arabic)<\/h2>\n\t\t\t<div class=\"recent-resources-block__grid  facetwp-template \">\n\t\t\t\t\r\n<div class=\"resource-item content-type__announcement post-type__resource \">\r\n\r\n    \r\n    <div class=\"resource-item__content \">\r\n                    <div class=\"resource-item__content-type \">\r\n                <a href=\"\/es\/\/resources-archive\/resources-archive?_content_type=announcement\">Announcement<\/a>            <\/div>\r\n        \r\n                    <p class=\"resource-item__title \">\r\n                <a href=\"https:\/\/idi.no\/wp-content\/uploads\/2026\/02\/PESA-announcement-2026_AR.pdf\"  target=\"_blank\" rel=\"noopener noreferrer\">\r\n                    Anuncio PESA 2026 \u00c1rabe                <\/a>\r\n            <\/p>\r\n        \r\n        \r\n        <div class=\"resource-item__link \">\r\n                            <a href=\"https:\/\/idi.no\/wp-content\/uploads\/2026\/02\/PESA-announcement-2026_AR.pdf\" class=\"resource-item__download-link \" download>\r\n                    Download                    <span class=\"resource-item__download-link-arrow \">\u2193<\/span>\r\n                <\/a>\r\n                    <\/div>\r\n    <\/div>\r\n<\/div>\r\n\r\n<div class=\"resource-item content-type__announcement post-type__resource \">\r\n\r\n    \r\n    <div class=\"resource-item__content \">\r\n                    <div class=\"resource-item__content-type \">\r\n                <a href=\"\/es\/\/resources-archive\/resources-archive?_content_type=announcement\">Announcement<\/a>            <\/div>\r\n        \r\n                    <p class=\"resource-item__title \">\r\n                <a href=\"https:\/\/idi.no\/wp-content\/uploads\/2026\/02\/PESA-announcement-2026.pdf\"  target=\"_blank\" rel=\"noopener noreferrer\">\r\n                    Anuncio PESA 2026 Ingl\u00e9s                <\/a>\r\n            <\/p>\r\n        \r\n        \r\n        <div class=\"resource-item__link \">\r\n                            <a href=\"https:\/\/idi.no\/wp-content\/uploads\/2026\/02\/PESA-announcement-2026.pdf\" class=\"resource-item__download-link \" download>\r\n                    Download                    <span class=\"resource-item__download-link-arrow \">\u2193<\/span>\r\n                <\/a>\r\n                    <\/div>\r\n    <\/div>\r\n<\/div>\r\n\t\t\t<\/div>\n\t\t\t\t\t<\/div>\n\t<\/div>\n\n<div  class=\"text-and-media-block  block-image-align--left block-background-color--dark with-circles\" >\n\t<div class=\"text-and-media-block__container container\">\n\t\t<div class=\"text-and-media-block__col\">\n\n\t\t\t\t\t\t\t\t\t\t\t\t\t<h2 class=\"text-and-media-block__title\">\n\t\t\t\t\t\u00bfCu\u00e1les son los resultados de aprendizaje de PESA?\t\t\t\t<\/h2>\n\t\t\t\t\t\t\t\t\t\t\t\t\t<div class=\"text-and-media-block__description\">\n\t\t\t\t\t<div class=\"sppb-addon-content \">\n<p style=\"text-align: left\">PESA proporciona educaci\u00f3n basada en un programa de estudios dise\u00f1ado para que las personas desarrollen las competencias descritas en el Marco de Competencias de la INTOSAI para Profesionales de Auditor\u00eda del Sector P\u00fablico en las Entidades Fiscalizadoras Superiores.<\/p>\n<h6 style=\"text-align: left\"><strong>\u2500\u2500Jayden<\/strong><br \/>\nMentor de TI<\/h6>\n<\/div>\n\t\t\t\t<\/div>\n\t\t\t\n\t\t\t<div class=\"text-and-media-block__button-list\">\n\t\t\t\t\t\t\t\t\t\t\t<a \thref=\"https:\/\/www.intosaicbc.org\/wp-content\/uploads\/2019\/09\/5.-INTOSAI-Competency-Framework-revised.pdf\"\n\t\t\t\t\tclass=\"text-and-media-block__button\"\n\t\t\t\t\t\t\t\t\t>\n\t\t\t\t\tCompetency Framework\t\t\t\t<\/a>\n\t\t\t\n\t\t\t\t\t\t<\/div>\n\t\t<\/div>\n\t\t\t\t    <div class=\"text-and-media-block__col\">\n\t\t\t\t<div class=\"text-and-media-block__image\">\n\t\t\t\t\t<img decoding=\"async\" src=\"https:\/\/idi.no\/wp-content\/uploads\/2025\/09\/Asset-30-scaled.png\" alt=\"\">\n\t\t\t\t<\/div>\n\t\t\t<\/div>\n\t\t\t\t<\/div>\n<\/div>\n\r\n<div  class=\"text-only-block text-only-block__white-background text-only-block__two-columns\"> <!-- Removed undefined $style (before: echoed $style) -->\r\n    <div class=\"text-only-block__container container\">\r\n        \r\n                    <div class=\"text-only-block__content\">\r\n                <div class=\"text-only-block__column\">\r\n                                            <h2 class=\"text-only-block__title\">Los resultados del aprendizaje de PESA se corresponden con el marco de competencias de INTOSAI.  <\/h2>\r\n                                    <\/div>\r\n                <div class=\"text-only-block__column\">\r\n                                                                <div class=\"text-only-block__subtitle lede\">Los resultados de aprendizaje cubren toda la gama de competencias que necesitan universalmente los auditores de las EFS.<\/div>\r\n                                                                <div class=\"text-only-block__description\"><div id=\"sppb-addon-wrapper-1616289632131\" class=\"sppb-addon-wrapper addon-root-text-block\">\n<div id=\"sppb-addon-1616289632131\" class=\"clearfix \">\n<div class=\"sppb-addon sppb-addon-text-block \">\n<div class=\"sppb-addon-content \">\n<p>El programa de estudios incluye resultados relacionados con la demostraci\u00f3n de conocimientos, habilidades y atributos personales. Vinculado a los objetivos de rendimiento de un auditor profesional de la EFS, lograr estos resultados requiere que reflexiones sobre la educaci\u00f3n y la apliques en el contexto de la EFS a trav\u00e9s de la cartera de desarrollo profesional inicial. <\/p>\n<p>El <strong>Marco de Competencias<\/strong> prev\u00e9 competencias que son observables y esto se refleja en los resultados de aprendizaje, que est\u00e1n dise\u00f1ados para ser medibles y basados en la aplicaci\u00f3n. Los resultados de aprendizaje se evaluar\u00e1n en la evaluaci\u00f3n final basada en competencias. <\/p>\n<\/div>\n<\/div>\n<\/div>\n<\/div>\n<div id=\"sppb-addon-wrapper-1616292310085\" class=\"sppb-addon-wrapper addon-root-text-block\">\n<div id=\"sppb-addon-1616292310085\" class=\"clearfix \">\n<div class=\"sppb-addon sppb-addon-text-block \">\n<div class=\"sppb-addon-content \">\n<p>Cada auditor o auditora de la EFS que participe en PESA estudiar\u00e1 siete documentos en total. Estos incluyen: <\/p>\n<ul>\n<li><strong>2 documentos transversales<\/strong> que cubren los resultados de aprendizaje relacionados con la reflexi\u00f3n sobre el valor y los beneficios de las EFS y la demostraci\u00f3n de un comportamiento profesional en el contexto de las EFS.<\/li>\n<li><strong>5 documentos funcionales<\/strong> relacionados con el tipo de auditor\u00eda seleccionado por el auditor de la EFS. Los resultados de aprendizaje incluir\u00e1n la demostraci\u00f3n de un profundo conocimiento y habilidades para llevar a cabo auditor\u00edas de alta calidad en uno de los 3 tipos de auditor\u00eda (Auditor\u00eda de Cumplimiento, Auditor\u00eda Financiera o Auditor\u00eda de Desempe\u00f1o). <\/li>\n<\/ul>\n<\/div>\n<\/div>\n<\/div>\n<\/div>\n<\/div>\r\n                                        \r\n                    <!-- New: Wrap all buttons in __button-list for consistency with working block -->\r\n                    <div class=\"text-only-block__button-list\">\r\n                        \r\n                                            <\/div>\r\n                <\/div>\r\n            <\/div>\r\n        \r\n        \r\n            <\/div>\r\n<\/div>\n<div  class=\"cta-block light-blue\" >\n\t<div class=\"cta-block__container container\">\n\t\t<div class=\"cta-block__content\">\n\t\t\t<div class=\"cta-block__content-col\">\n\t\t\t\t\t\t\t\t\t<h2 class=\"cta-block__title\">\n\t\t\t\t\t\tCONTACTO\t\t\t\t\t<\/h2>\n\t\t\t\t\t\t\t\t\t\t\t\t\t\t\t\t\t<div class=\"cta-block__description\">\n\t\t\t\t\t\t<p>Si necesitas ayuda, visita nuestro servicio de asistencia de PESA.<\/p>\n\t\t\t\t\t<\/div>\n\t\t\t\t\t\t\t<\/div>\n\t\t\t<div class=\"cta-block__content-col\">\n\t\t\t\t\t\t\t\t\t\t\t\t\t\t<a \thref=\"https:\/\/pesa.hesk.com\/\" \n\t\t\t\t\t\tclass=\"cta-block__button\"\n\t\t\t\t\t\t target=\"_blank\" rel=\"noopener noreferrer\"\t\t\t\t\t>\n\t\t\t\t\t\tCONTACTO\t\t\t\t\t<\/a>\n\t\t\t\t\t\t\t<\/div>\n\t\t<\/div>\n\t<\/div>\n<\/div>\n","protected":false},"excerpt":{"rendered":"","protected":false},"featured_media":32016,"parent":0,"menu_order":0,"template":"","content-type":[],"topic":[],"initiative":[228],"area-of-focus":[],"class_list":["post-30091","our-work","type-our-work","status-publish","has-post-thumbnail","hentry","initiative-pesa"],"acf":[],"yoast_head":"<!-- This site is optimized with the Yoast SEO plugin v27.4 - https:\/\/yoast.com\/product\/yoast-seo-wordpress\/ -->\n<title>PESA - Calificaci\u00f3n profesional para el personal auditor de las EFS - IDI<\/title>\n<meta name=\"robots\" content=\"index, follow, max-snippet:-1, max-image-preview:large, max-video-preview:-1\" \/>\n<link rel=\"canonical\" href=\"https:\/\/idi.no\/es\/our-work\/initiative\/pesa-formacion-profesional-para-auditores-de-efs\/\" \/>\n<meta property=\"og:locale\" content=\"es_ES\" \/>\n<meta property=\"og:type\" content=\"article\" \/>\n<meta property=\"og:title\" content=\"PESA - Calificaci\u00f3n profesional para el personal auditor de las EFS - IDI\" \/>\n<meta property=\"og:url\" content=\"https:\/\/idi.no\/es\/our-work\/initiative\/pesa-formacion-profesional-para-auditores-de-efs\/\" \/>\n<meta property=\"og:site_name\" content=\"IDI\" \/>\n<meta property=\"article:modified_time\" content=\"2026-04-10T13:13:53+00:00\" \/>\n<meta property=\"og:image\" content=\"https:\/\/idi.no\/wp-content\/uploads\/2025\/09\/PESA-NEW-HERO.jpg\" \/>\n\t<meta property=\"og:image:width\" content=\"2560\" \/>\n\t<meta property=\"og:image:height\" content=\"1156\" \/>\n\t<meta property=\"og:image:type\" content=\"image\/jpeg\" \/>\n<meta name=\"twitter:card\" content=\"summary_large_image\" \/>\n<meta name=\"twitter:label1\" content=\"Tiempo de lectura\" \/>\n\t<meta name=\"twitter:data1\" content=\"1 minuto\" \/>\n<script type=\"application\/ld+json\" class=\"yoast-schema-graph\">{\"@context\":\"https:\\\/\\\/schema.org\",\"@graph\":[{\"@type\":\"WebPage\",\"@id\":\"https:\\\/\\\/idi.no\\\/es\\\/our-work\\\/initiative\\\/pesa-formacion-profesional-para-auditores-de-efs\\\/\",\"url\":\"https:\\\/\\\/idi.no\\\/es\\\/our-work\\\/initiative\\\/pesa-formacion-profesional-para-auditores-de-efs\\\/\",\"name\":\"PESA - Calificaci\u00f3n profesional para el personal auditor de las EFS - IDI\",\"isPartOf\":{\"@id\":\"https:\\\/\\\/idi.no\\\/es\\\/#website\"},\"primaryImageOfPage\":{\"@id\":\"https:\\\/\\\/idi.no\\\/es\\\/our-work\\\/initiative\\\/pesa-formacion-profesional-para-auditores-de-efs\\\/#primaryimage\"},\"image\":{\"@id\":\"https:\\\/\\\/idi.no\\\/es\\\/our-work\\\/initiative\\\/pesa-formacion-profesional-para-auditores-de-efs\\\/#primaryimage\"},\"thumbnailUrl\":\"https:\\\/\\\/idi.no\\\/wp-content\\\/uploads\\\/2025\\\/09\\\/PESA-NEW-HERO.jpg\",\"datePublished\":\"2025-09-01T12:11:33+00:00\",\"dateModified\":\"2026-04-10T13:13:53+00:00\",\"breadcrumb\":{\"@id\":\"https:\\\/\\\/idi.no\\\/es\\\/our-work\\\/initiative\\\/pesa-formacion-profesional-para-auditores-de-efs\\\/#breadcrumb\"},\"inLanguage\":\"es\",\"potentialAction\":[{\"@type\":\"ReadAction\",\"target\":[\"https:\\\/\\\/idi.no\\\/es\\\/our-work\\\/initiative\\\/pesa-formacion-profesional-para-auditores-de-efs\\\/\"]}]},{\"@type\":\"ImageObject\",\"inLanguage\":\"es\",\"@id\":\"https:\\\/\\\/idi.no\\\/es\\\/our-work\\\/initiative\\\/pesa-formacion-profesional-para-auditores-de-efs\\\/#primaryimage\",\"url\":\"https:\\\/\\\/idi.no\\\/wp-content\\\/uploads\\\/2025\\\/09\\\/PESA-NEW-HERO.jpg\",\"contentUrl\":\"https:\\\/\\\/idi.no\\\/wp-content\\\/uploads\\\/2025\\\/09\\\/PESA-NEW-HERO.jpg\",\"width\":2560,\"height\":1156},{\"@type\":\"BreadcrumbList\",\"@id\":\"https:\\\/\\\/idi.no\\\/es\\\/our-work\\\/initiative\\\/pesa-formacion-profesional-para-auditores-de-efs\\\/#breadcrumb\",\"itemListElement\":[{\"@type\":\"ListItem\",\"position\":1,\"name\":\"Home\",\"item\":\"https:\\\/\\\/idi.no\\\/es\\\/\"},{\"@type\":\"ListItem\",\"position\":2,\"name\":\"PESA &#8211; Calificaci\u00f3n profesional para el personal auditor de las...\"}]},{\"@type\":\"WebSite\",\"@id\":\"https:\\\/\\\/idi.no\\\/es\\\/#website\",\"url\":\"https:\\\/\\\/idi.no\\\/es\\\/\",\"name\":\"IDI\",\"description\":\"\",\"potentialAction\":[{\"@type\":\"SearchAction\",\"target\":{\"@type\":\"EntryPoint\",\"urlTemplate\":\"https:\\\/\\\/idi.no\\\/es\\\/?s={search_term_string}\"},\"query-input\":{\"@type\":\"PropertyValueSpecification\",\"valueRequired\":true,\"valueName\":\"search_term_string\"}}],\"inLanguage\":\"es\"}]}<\/script>\n<!-- \/ Yoast SEO plugin. -->","yoast_head_json":{"title":"PESA - Calificaci\u00f3n profesional para el personal auditor de las EFS - IDI","robots":{"index":"index","follow":"follow","max-snippet":"max-snippet:-1","max-image-preview":"max-image-preview:large","max-video-preview":"max-video-preview:-1"},"canonical":"https:\/\/idi.no\/es\/our-work\/initiative\/pesa-formacion-profesional-para-auditores-de-efs\/","og_locale":"es_ES","og_type":"article","og_title":"PESA - Calificaci\u00f3n profesional para el personal auditor de las EFS - IDI","og_url":"https:\/\/idi.no\/es\/our-work\/initiative\/pesa-formacion-profesional-para-auditores-de-efs\/","og_site_name":"IDI","article_modified_time":"2026-04-10T13:13:53+00:00","og_image":[{"width":2560,"height":1156,"url":"https:\/\/idi.no\/wp-content\/uploads\/2025\/09\/PESA-NEW-HERO.jpg","type":"image\/jpeg"}],"twitter_card":"summary_large_image","twitter_misc":{"Tiempo de lectura":"1 minuto"},"schema":{"@context":"https:\/\/schema.org","@graph":[{"@type":"WebPage","@id":"https:\/\/idi.no\/es\/our-work\/initiative\/pesa-formacion-profesional-para-auditores-de-efs\/","url":"https:\/\/idi.no\/es\/our-work\/initiative\/pesa-formacion-profesional-para-auditores-de-efs\/","name":"PESA - Calificaci\u00f3n profesional para el personal auditor de las EFS - IDI","isPartOf":{"@id":"https:\/\/idi.no\/es\/#website"},"primaryImageOfPage":{"@id":"https:\/\/idi.no\/es\/our-work\/initiative\/pesa-formacion-profesional-para-auditores-de-efs\/#primaryimage"},"image":{"@id":"https:\/\/idi.no\/es\/our-work\/initiative\/pesa-formacion-profesional-para-auditores-de-efs\/#primaryimage"},"thumbnailUrl":"https:\/\/idi.no\/wp-content\/uploads\/2025\/09\/PESA-NEW-HERO.jpg","datePublished":"2025-09-01T12:11:33+00:00","dateModified":"2026-04-10T13:13:53+00:00","breadcrumb":{"@id":"https:\/\/idi.no\/es\/our-work\/initiative\/pesa-formacion-profesional-para-auditores-de-efs\/#breadcrumb"},"inLanguage":"es","potentialAction":[{"@type":"ReadAction","target":["https:\/\/idi.no\/es\/our-work\/initiative\/pesa-formacion-profesional-para-auditores-de-efs\/"]}]},{"@type":"ImageObject","inLanguage":"es","@id":"https:\/\/idi.no\/es\/our-work\/initiative\/pesa-formacion-profesional-para-auditores-de-efs\/#primaryimage","url":"https:\/\/idi.no\/wp-content\/uploads\/2025\/09\/PESA-NEW-HERO.jpg","contentUrl":"https:\/\/idi.no\/wp-content\/uploads\/2025\/09\/PESA-NEW-HERO.jpg","width":2560,"height":1156},{"@type":"BreadcrumbList","@id":"https:\/\/idi.no\/es\/our-work\/initiative\/pesa-formacion-profesional-para-auditores-de-efs\/#breadcrumb","itemListElement":[{"@type":"ListItem","position":1,"name":"Home","item":"https:\/\/idi.no\/es\/"},{"@type":"ListItem","position":2,"name":"PESA &#8211; Calificaci\u00f3n profesional para el personal auditor de las..."}]},{"@type":"WebSite","@id":"https:\/\/idi.no\/es\/#website","url":"https:\/\/idi.no\/es\/","name":"IDI","description":"","potentialAction":[{"@type":"SearchAction","target":{"@type":"EntryPoint","urlTemplate":"https:\/\/idi.no\/es\/?s={search_term_string}"},"query-input":{"@type":"PropertyValueSpecification","valueRequired":true,"valueName":"search_term_string"}}],"inLanguage":"es"}]}},"_links":{"self":[{"href":"https:\/\/idi.no\/es\/wp-json\/wp\/v2\/our-work\/30091","targetHints":{"allow":["GET"]}}],"collection":[{"href":"https:\/\/idi.no\/es\/wp-json\/wp\/v2\/our-work"}],"about":[{"href":"https:\/\/idi.no\/es\/wp-json\/wp\/v2\/types\/our-work"}],"version-history":[{"count":19,"href":"https:\/\/idi.no\/es\/wp-json\/wp\/v2\/our-work\/30091\/revisions"}],"predecessor-version":[{"id":38570,"href":"https:\/\/idi.no\/es\/wp-json\/wp\/v2\/our-work\/30091\/revisions\/38570"}],"wp:featuredmedia":[{"embeddable":true,"href":"https:\/\/idi.no\/es\/wp-json\/wp\/v2\/media\/32016"}],"wp:attachment":[{"href":"https:\/\/idi.no\/es\/wp-json\/wp\/v2\/media?parent=30091"}],"wp:term":[{"taxonomy":"content-type","embeddable":true,"href":"https:\/\/idi.no\/es\/wp-json\/wp\/v2\/content-type?post=30091"},{"taxonomy":"topic","embeddable":true,"href":"https:\/\/idi.no\/es\/wp-json\/wp\/v2\/topic?post=30091"},{"taxonomy":"initiative","embeddable":true,"href":"https:\/\/idi.no\/es\/wp-json\/wp\/v2\/initiative?post=30091"},{"taxonomy":"area-of-focus","embeddable":true,"href":"https:\/\/idi.no\/es\/wp-json\/wp\/v2\/area-of-focus?post=30091"}],"curies":[{"name":"wp","href":"https:\/\/api.w.org\/{rel}","templated":true}]}}