{"id":28200,"date":"2025-10-09T12:36:55","date_gmt":"2025-10-09T12:36:55","guid":{"rendered":"https:\/\/idi.no\/our-work\/initiative\/centre-apprentissage-et-developpement-professionnels\/"},"modified":"2025-11-12T22:49:09","modified_gmt":"2025-11-12T22:49:09","slug":"centre-apprentissage-et-developpement-professionnels","status":"publish","type":"our-work","link":"https:\/\/idi.no\/fr\/our-work\/initiative\/centre-apprentissage-et-developpement-professionnels\/","title":{"rendered":"Centre &#8211; apprentissage et d\u00e9veloppement professionnels"},"content":{"rendered":"\r\n<div  class=\"our-work-single-hero-block\" style=\"background-image:linear-gradient(180.00deg, rgba(0, 84, 142, 0) 76.41%,rgba(0, 84, 142, 0.8) 114.274%), url(https:\/\/idi.no\/wp-content\/uploads\/2025\/08\/intricate-rings-tree-trunk-tell-story-age-with-warm-russet-center-scaled.jpg);\">\r\n\t<div class=\"our-work-single-hero-block__container container\">\r\n\t\t<div class=\"our-work-single-hero-block__content\">\r\n\t\t\t\t\t\t\t\r\n\t\t\t\t<div class=\"our-work-single-hero-block__breadcrumbs breadcrumbs\">\r\n\t\t\t\t\t<span><span><a href=\"https:\/\/idi.no\/fr\/\">Home<\/a><\/span><\/span>\t\t\t\t<\/div>\r\n\r\n\t\t\t\t\r\n\t\t\t\t\r\n\t\t\t\t\t\t<h1 class=\"our-work-single-hero-block__title\">\r\n\t\t\t\tCentre &#8211; apprentissage et d\u00e9veloppement professionnels\r\n\t\t\t\t\r\n\r\n\t\t\t<\/h1>\r\n\t\t<\/div>\r\n\t<\/div>\r\n\r\n\t    <div class=\"our-work-single-hero-block__subnavigation\" data-active-index=\"0\">\r\n        <div class=\"our-work-single-hero-block__subnavigation-container container\">\r\n            <span class=\"our-work-single-hero-block__subnavigation-trigger-label\">\r\n                SECTIONS            <\/span>\r\n            <div class=\"our-work-single-hero-block__subnavigation-mobile-trigger\" tabindex=\"0\">\r\n                <span class=\"our-work-single-hero-block__subnavigation-trigger-active\">\r\n                    HOME                <\/span>\r\n                <span class=\"icon-chevron\"><img decoding=\"async\" src=\"https:\/\/idi.no\/wp-content\/themes\/idi\/assets\/images\/icons\/shevron_down.svg\" alt=\"\"><\/span>\r\n            <\/div>\r\n            <div class=\"our-work-single-hero-block__subnavigation-dropdown\">\r\n                \t\t\t\t\t                    <div class=\"our-work-single-hero-block__subnavigation-item is-active\" data-index=\"0\" data-url=\"https:\/\/idi.no\/our-work\/initiative\/centre\/\">\r\n                        <a href=\"https:\/\/idi.no\/our-work\/initiative\/centre\/\" class=\"our-work-single-hero-block__subnavigation-link\">\r\n                            HOME                        <\/a>\r\n                    <\/div>\r\n                \t\t\t\t\t                    <div class=\"our-work-single-hero-block__subnavigation-item\" data-index=\"1\" data-url=\"https:\/\/idi.no\/our-work\/initiative\/centre\/centre-future-sai-audit\/\">\r\n                        <a href=\"https:\/\/idi.no\/our-work\/initiative\/centre\/centre-future-sai-audit\/\" class=\"our-work-single-hero-block__subnavigation-link\">\r\n                            FUTURE SAI AUDIT                        <\/a>\r\n                    <\/div>\r\n                \t\t\t\t\t                    <div class=\"our-work-single-hero-block__subnavigation-item\" data-index=\"2\" data-url=\"https:\/\/idi.no\/our-work\/initiative\/centre\/centre-professional-audit-practice-resources\/\">\r\n                        <a href=\"https:\/\/idi.no\/our-work\/initiative\/centre\/centre-professional-audit-practice-resources\/\" class=\"our-work-single-hero-block__subnavigation-link\">\r\n                            PROFESSIONAL AUDIT PRACTICE RESOURCES                        <\/a>\r\n                    <\/div>\r\n                \t\t\t\t\t                    <div class=\"our-work-single-hero-block__subnavigation-item\" data-index=\"3\" data-url=\"https:\/\/idi.no\/our-work\/initiative\/centre\/centre-professional-certification\/\">\r\n                        <a href=\"https:\/\/idi.no\/our-work\/initiative\/centre\/centre-professional-certification\/\" class=\"our-work-single-hero-block__subnavigation-link\">\r\n                            PROFESSIONAL CERTIFICATION                        <\/a>\r\n                    <\/div>\r\n                \t\t\t\t\t                    <div class=\"our-work-single-hero-block__subnavigation-item\" data-index=\"4\" data-url=\"https:\/\/idi.no\/our-work\/initiative\/centre\/centre-professional-learning-and-growth\/\">\r\n                        <a href=\"https:\/\/idi.no\/our-work\/initiative\/centre\/centre-professional-learning-and-growth\/\" class=\"our-work-single-hero-block__subnavigation-link\">\r\n                            PROFESSIONAL LEARNING AND GROWTH                        <\/a>\r\n                    <\/div>\r\n                \t\t\t\t\t                    <div class=\"our-work-single-hero-block__subnavigation-item\" data-index=\"5\" data-url=\"https:\/\/idi.no\/our-work\/initiative\/centre\/centre-continuing-professional-development\/\">\r\n                        <a href=\"https:\/\/idi.no\/our-work\/initiative\/centre\/centre-continuing-professional-development\/\" class=\"our-work-single-hero-block__subnavigation-link\">\r\n                            CONTINUING PROFESSIONAL DEVELOPMENT                        <\/a>\r\n                    <\/div>\r\n                            <\/div>\r\n        <\/div>\r\n\t<\/div>\r\n<\/div>\r\n\n<div  class=\"text-and-media-block  block-image-align--left block-background-color--white with-circles\" >\n\t<div class=\"text-and-media-block__container container\">\n\t\t<div class=\"text-and-media-block__col\">\n\n\t\t\t\t\t\t\t\t\t\t\t\t\t<h2 class=\"text-and-media-block__title\">\n\t\t\t\t\tApprentissage et d\u00e9veloppement professionnels\t\t\t\t<\/h2>\n\t\t\t\t\t\t\t\t\t\t\t\t\t<div class=\"text-and-media-block__description\">\n\t\t\t\t\t<p>L&rsquo;apprentissage et le d\u00e9veloppement professionnels font r\u00e9f\u00e9rence au processus continu d&rsquo;acquisition de nouvelles connaissances, de d\u00e9veloppement de comp\u00e9tences et d&rsquo;am\u00e9lioration des aptitudes pour renforcer la performance et l&rsquo;efficacit\u00e9 dans son r\u00f4le professionnel. Contrairement aux qualifications ou certifications professionnelles formelles, l&rsquo;apprentissage et le d\u00e9veloppement professionnels se concentrent sur le d\u00e9veloppement des connaissances et des comp\u00e9tences sans \u00e9valuation bas\u00e9e sur les comp\u00e9tences. Il est g\u00e9n\u00e9ralement motiv\u00e9 par les exigences d&rsquo;application pratique au sein d&rsquo;une initiative IDI.  <\/p>\n<p>L&rsquo;apprentissage professionnel peut prendre diverses formes, notamment des ateliers en pr\u00e9sentiel ou virtuels, des webinaires de partage de connaissances et la participation \u00e0 des audits coop\u00e9ratifs.<\/p>\n\t\t\t\t<\/div>\n\t\t\t\n\t\t\t<div class=\"text-and-media-block__button-list\">\n\t\t\t\n\t\t\t\t\t\t<\/div>\n\t\t<\/div>\n\t\t\t\t    <div class=\"text-and-media-block__col\">\n\t\t\t\t<div class=\"text-and-media-block__image\">\n\t\t\t\t\t<img decoding=\"async\" src=\"https:\/\/idi.no\/wp-content\/uploads\/2025\/10\/Asset-18.png\" alt=\"\">\n\t\t\t\t<\/div>\n\t\t\t<\/div>\n\t\t\t\t<\/div>\n<\/div>\n\r\n<div  class=\"text-only-block text-only-block__blue-background text-only-block__columns-repeater\"> <!-- Removed undefined $style (before: echoed $style) -->\r\n    <div class=\"text-only-block__container container\">\r\n        \r\n        \r\n                    <div class=\"text-only-block__content\">\r\n                                    <h2 class=\"text-only-block__title\">Caract\u00e9ristiques cl\u00e9s de l&#039;apprentissage et du d\u00e9veloppement professionnels<\/h2>\r\n                                                                    <div class=\"text-only-block__columns\">\r\n                                                <div class=\"text-only-block__column\">\r\n                                                                                                                    <div class=\"text-only-block__column-subtitle lede\">Accent sur l&#039;apprentissage :<\/div>\r\n                                                                                        <div class=\"text-only-block__column-description\"><ul>\n<li>Il ne d\u00e9bouche pas sur un certificat ou une qualification formelle.<\/li>\n<li>L&rsquo;accent est mis sur l&rsquo;apprentissage pour son application pratique.<\/li>\n<\/ul>\n<\/div>\r\n                                                                                <\/div>\r\n                                                <div class=\"text-only-block__column\">\r\n                                                                                                                    <div class=\"text-only-block__column-subtitle lede\">Pertinent :<\/div>\r\n                                                                                        <div class=\"text-only-block__column-description\"><ul>\n<li>Le d\u00e9veloppement est adapt\u00e9 aux exigences du contexte de l&rsquo;ISC, par exemple en r\u00e9pondant aux questions \u00e9mergentes dans l&rsquo;audit de l&rsquo;ISC.<\/li>\n<li>Soutenir les auditeurs de l&rsquo;ISC pour qu&rsquo;ils soient \u00e0 la fois professionnels et pertinents.<\/li>\n<\/ul>\n<\/div>\r\n                                                                                <\/div>\r\n                                            <\/div>\r\n                                \r\n                <!-- New: Added entire button section here (including main button + additional_buttons in __button-list) to support repeater in this layout -->\r\n                <div class=\"text-only-block__button-list\">\r\n                    \r\n                                    <\/div>\r\n            <\/div>\r\n        \r\n            <\/div>\r\n<\/div>","protected":false},"excerpt":{"rendered":"","protected":false},"featured_media":28187,"parent":0,"menu_order":0,"template":"","content-type":[],"topic":[],"initiative":[],"area-of-focus":[],"class_list":["post-28200","our-work","type-our-work","status-publish","has-post-thumbnail","hentry"],"acf":[],"yoast_head":"<!-- This site is optimized with the Yoast SEO plugin v27.4 - https:\/\/yoast.com\/product\/yoast-seo-wordpress\/ -->\n<title>Centre - apprentissage et d\u00e9veloppement professionnels - IDI<\/title>\n<meta name=\"robots\" content=\"index, follow, max-snippet:-1, max-image-preview:large, max-video-preview:-1\" \/>\n<link rel=\"canonical\" href=\"https:\/\/idi.no\/fr\/our-work\/initiative\/centre-apprentissage-et-developpement-professionnels\/\" \/>\n<meta property=\"og:locale\" content=\"fr_FR\" \/>\n<meta property=\"og:type\" content=\"article\" \/>\n<meta property=\"og:title\" content=\"Centre - apprentissage et d\u00e9veloppement professionnels - IDI\" \/>\n<meta property=\"og:url\" content=\"https:\/\/idi.no\/fr\/our-work\/initiative\/centre-apprentissage-et-developpement-professionnels\/\" \/>\n<meta property=\"og:site_name\" content=\"IDI\" \/>\n<meta property=\"article:modified_time\" content=\"2025-11-12T22:49:09+00:00\" \/>\n<meta property=\"og:image\" content=\"https:\/\/idi.no\/wp-content\/uploads\/2025\/08\/intricate-rings-tree-trunk-tell-story-age-with-warm-russet-center-scaled.jpg\" \/>\n\t<meta property=\"og:image:width\" content=\"2560\" \/>\n\t<meta property=\"og:image:height\" content=\"1279\" \/>\n\t<meta property=\"og:image:type\" content=\"image\/jpeg\" \/>\n<meta name=\"twitter:card\" content=\"summary_large_image\" \/>\n<script type=\"application\/ld+json\" class=\"yoast-schema-graph\">{\"@context\":\"https:\\\/\\\/schema.org\",\"@graph\":[{\"@type\":\"WebPage\",\"@id\":\"https:\\\/\\\/idi.no\\\/fr\\\/our-work\\\/initiative\\\/centre-apprentissage-et-developpement-professionnels\\\/\",\"url\":\"https:\\\/\\\/idi.no\\\/fr\\\/our-work\\\/initiative\\\/centre-apprentissage-et-developpement-professionnels\\\/\",\"name\":\"Centre - apprentissage et d\u00e9veloppement professionnels - IDI\",\"isPartOf\":{\"@id\":\"https:\\\/\\\/idi.no\\\/fr\\\/#website\"},\"primaryImageOfPage\":{\"@id\":\"https:\\\/\\\/idi.no\\\/fr\\\/our-work\\\/initiative\\\/centre-apprentissage-et-developpement-professionnels\\\/#primaryimage\"},\"image\":{\"@id\":\"https:\\\/\\\/idi.no\\\/fr\\\/our-work\\\/initiative\\\/centre-apprentissage-et-developpement-professionnels\\\/#primaryimage\"},\"thumbnailUrl\":\"https:\\\/\\\/idi.no\\\/wp-content\\\/uploads\\\/2025\\\/08\\\/intricate-rings-tree-trunk-tell-story-age-with-warm-russet-center-scaled.jpg\",\"datePublished\":\"2025-10-09T12:36:55+00:00\",\"dateModified\":\"2025-11-12T22:49:09+00:00\",\"breadcrumb\":{\"@id\":\"https:\\\/\\\/idi.no\\\/fr\\\/our-work\\\/initiative\\\/centre-apprentissage-et-developpement-professionnels\\\/#breadcrumb\"},\"inLanguage\":\"fr-FR\",\"potentialAction\":[{\"@type\":\"ReadAction\",\"target\":[\"https:\\\/\\\/idi.no\\\/fr\\\/our-work\\\/initiative\\\/centre-apprentissage-et-developpement-professionnels\\\/\"]}]},{\"@type\":\"ImageObject\",\"inLanguage\":\"fr-FR\",\"@id\":\"https:\\\/\\\/idi.no\\\/fr\\\/our-work\\\/initiative\\\/centre-apprentissage-et-developpement-professionnels\\\/#primaryimage\",\"url\":\"https:\\\/\\\/idi.no\\\/wp-content\\\/uploads\\\/2025\\\/08\\\/intricate-rings-tree-trunk-tell-story-age-with-warm-russet-center-scaled.jpg\",\"contentUrl\":\"https:\\\/\\\/idi.no\\\/wp-content\\\/uploads\\\/2025\\\/08\\\/intricate-rings-tree-trunk-tell-story-age-with-warm-russet-center-scaled.jpg\",\"width\":2560,\"height\":1279,\"caption\":\"Les anneaux complexes d'un tronc d'arbre racontent une histoire d'\u00e2ge, avec un centre chaleureux et roux.\"},{\"@type\":\"BreadcrumbList\",\"@id\":\"https:\\\/\\\/idi.no\\\/fr\\\/our-work\\\/initiative\\\/centre-apprentissage-et-developpement-professionnels\\\/#breadcrumb\",\"itemListElement\":[{\"@type\":\"ListItem\",\"position\":1,\"name\":\"Home\",\"item\":\"https:\\\/\\\/idi.no\\\/fr\\\/\"},{\"@type\":\"ListItem\",\"position\":2,\"name\":\"Centre &#8211; apprentissage et d\u00e9veloppement professionnels\"}]},{\"@type\":\"WebSite\",\"@id\":\"https:\\\/\\\/idi.no\\\/fr\\\/#website\",\"url\":\"https:\\\/\\\/idi.no\\\/fr\\\/\",\"name\":\"IDI\",\"description\":\"\",\"potentialAction\":[{\"@type\":\"SearchAction\",\"target\":{\"@type\":\"EntryPoint\",\"urlTemplate\":\"https:\\\/\\\/idi.no\\\/fr\\\/?s={search_term_string}\"},\"query-input\":{\"@type\":\"PropertyValueSpecification\",\"valueRequired\":true,\"valueName\":\"search_term_string\"}}],\"inLanguage\":\"fr-FR\"}]}<\/script>\n<!-- \/ Yoast SEO plugin. -->","yoast_head_json":{"title":"Centre - apprentissage et d\u00e9veloppement professionnels - IDI","robots":{"index":"index","follow":"follow","max-snippet":"max-snippet:-1","max-image-preview":"max-image-preview:large","max-video-preview":"max-video-preview:-1"},"canonical":"https:\/\/idi.no\/fr\/our-work\/initiative\/centre-apprentissage-et-developpement-professionnels\/","og_locale":"fr_FR","og_type":"article","og_title":"Centre - apprentissage et d\u00e9veloppement professionnels - IDI","og_url":"https:\/\/idi.no\/fr\/our-work\/initiative\/centre-apprentissage-et-developpement-professionnels\/","og_site_name":"IDI","article_modified_time":"2025-11-12T22:49:09+00:00","og_image":[{"width":2560,"height":1279,"url":"https:\/\/idi.no\/wp-content\/uploads\/2025\/08\/intricate-rings-tree-trunk-tell-story-age-with-warm-russet-center-scaled.jpg","type":"image\/jpeg"}],"twitter_card":"summary_large_image","schema":{"@context":"https:\/\/schema.org","@graph":[{"@type":"WebPage","@id":"https:\/\/idi.no\/fr\/our-work\/initiative\/centre-apprentissage-et-developpement-professionnels\/","url":"https:\/\/idi.no\/fr\/our-work\/initiative\/centre-apprentissage-et-developpement-professionnels\/","name":"Centre - apprentissage et d\u00e9veloppement professionnels - IDI","isPartOf":{"@id":"https:\/\/idi.no\/fr\/#website"},"primaryImageOfPage":{"@id":"https:\/\/idi.no\/fr\/our-work\/initiative\/centre-apprentissage-et-developpement-professionnels\/#primaryimage"},"image":{"@id":"https:\/\/idi.no\/fr\/our-work\/initiative\/centre-apprentissage-et-developpement-professionnels\/#primaryimage"},"thumbnailUrl":"https:\/\/idi.no\/wp-content\/uploads\/2025\/08\/intricate-rings-tree-trunk-tell-story-age-with-warm-russet-center-scaled.jpg","datePublished":"2025-10-09T12:36:55+00:00","dateModified":"2025-11-12T22:49:09+00:00","breadcrumb":{"@id":"https:\/\/idi.no\/fr\/our-work\/initiative\/centre-apprentissage-et-developpement-professionnels\/#breadcrumb"},"inLanguage":"fr-FR","potentialAction":[{"@type":"ReadAction","target":["https:\/\/idi.no\/fr\/our-work\/initiative\/centre-apprentissage-et-developpement-professionnels\/"]}]},{"@type":"ImageObject","inLanguage":"fr-FR","@id":"https:\/\/idi.no\/fr\/our-work\/initiative\/centre-apprentissage-et-developpement-professionnels\/#primaryimage","url":"https:\/\/idi.no\/wp-content\/uploads\/2025\/08\/intricate-rings-tree-trunk-tell-story-age-with-warm-russet-center-scaled.jpg","contentUrl":"https:\/\/idi.no\/wp-content\/uploads\/2025\/08\/intricate-rings-tree-trunk-tell-story-age-with-warm-russet-center-scaled.jpg","width":2560,"height":1279,"caption":"Les anneaux complexes d'un tronc d'arbre racontent une histoire d'\u00e2ge, avec un centre chaleureux et roux."},{"@type":"BreadcrumbList","@id":"https:\/\/idi.no\/fr\/our-work\/initiative\/centre-apprentissage-et-developpement-professionnels\/#breadcrumb","itemListElement":[{"@type":"ListItem","position":1,"name":"Home","item":"https:\/\/idi.no\/fr\/"},{"@type":"ListItem","position":2,"name":"Centre &#8211; apprentissage et d\u00e9veloppement professionnels"}]},{"@type":"WebSite","@id":"https:\/\/idi.no\/fr\/#website","url":"https:\/\/idi.no\/fr\/","name":"IDI","description":"","potentialAction":[{"@type":"SearchAction","target":{"@type":"EntryPoint","urlTemplate":"https:\/\/idi.no\/fr\/?s={search_term_string}"},"query-input":{"@type":"PropertyValueSpecification","valueRequired":true,"valueName":"search_term_string"}}],"inLanguage":"fr-FR"}]}},"_links":{"self":[{"href":"https:\/\/idi.no\/fr\/wp-json\/wp\/v2\/our-work\/28200","targetHints":{"allow":["GET"]}}],"collection":[{"href":"https:\/\/idi.no\/fr\/wp-json\/wp\/v2\/our-work"}],"about":[{"href":"https:\/\/idi.no\/fr\/wp-json\/wp\/v2\/types\/our-work"}],"version-history":[{"count":1,"href":"https:\/\/idi.no\/fr\/wp-json\/wp\/v2\/our-work\/28200\/revisions"}],"predecessor-version":[{"id":28202,"href":"https:\/\/idi.no\/fr\/wp-json\/wp\/v2\/our-work\/28200\/revisions\/28202"}],"wp:featuredmedia":[{"embeddable":true,"href":"https:\/\/idi.no\/fr\/wp-json\/wp\/v2\/media\/28187"}],"wp:attachment":[{"href":"https:\/\/idi.no\/fr\/wp-json\/wp\/v2\/media?parent=28200"}],"wp:term":[{"taxonomy":"content-type","embeddable":true,"href":"https:\/\/idi.no\/fr\/wp-json\/wp\/v2\/content-type?post=28200"},{"taxonomy":"topic","embeddable":true,"href":"https:\/\/idi.no\/fr\/wp-json\/wp\/v2\/topic?post=28200"},{"taxonomy":"initiative","embeddable":true,"href":"https:\/\/idi.no\/fr\/wp-json\/wp\/v2\/initiative?post=28200"},{"taxonomy":"area-of-focus","embeddable":true,"href":"https:\/\/idi.no\/fr\/wp-json\/wp\/v2\/area-of-focus?post=28200"}],"curies":[{"name":"wp","href":"https:\/\/api.w.org\/{rel}","templated":true}]}}