{"id":28343,"date":"2025-10-02T16:47:25","date_gmt":"2025-10-02T16:47:25","guid":{"rendered":"https:\/\/idi.no\/our-work\/initiative\/projet-mondial-sur-lindependance-des-isc-partenaires\/"},"modified":"2025-11-12T22:50:57","modified_gmt":"2025-11-12T22:50:57","slug":"projet-mondial-sur-lindependance-des-isc-partenaires","status":"publish","type":"our-work","link":"https:\/\/idi.no\/fr\/our-work\/initiative\/projet-mondial-sur-lindependance-des-isc-partenaires\/","title":{"rendered":"Projet mondial sur l\u2019ind\u00e9pendance des ISC \u2013 partenaires"},"content":{"rendered":"\r\n<div  class=\"our-work-single-hero-block\" style=\"background-image:linear-gradient(180.00deg, rgba(0, 84, 142, 0) 76.41%,rgba(0, 84, 142, 0.8) 114.274%), url(https:\/\/idi.no\/wp-content\/uploads\/2025\/10\/AdobeStock_1129149814-scaled.jpeg);\">\r\n\t<div class=\"our-work-single-hero-block__container container\">\r\n\t\t<div class=\"our-work-single-hero-block__content\">\r\n\t\t\t\t\t\t\t\r\n\t\t\t\t<div class=\"our-work-single-hero-block__breadcrumbs breadcrumbs\">\r\n\t\t\t\t\t<span><span><a href=\"https:\/\/idi.no\/fr\/\">Home<\/a><\/span><\/span>\t\t\t\t<\/div>\r\n\r\n\t\t\t\t\r\n\t\t\t\t\r\n\t\t\t\t\t\t<h1 class=\"our-work-single-hero-block__title\">\r\n\t\t\t\tProjet mondial sur l\u2019ind\u00e9pendance des ISC \u2013 partenaires\r\n\t\t\t\t\r\n\r\n\t\t\t<\/h1>\r\n\t\t<\/div>\r\n\t<\/div>\r\n\r\n\t    <div class=\"our-work-single-hero-block__subnavigation\" data-active-index=\"0\">\r\n        <div class=\"our-work-single-hero-block__subnavigation-container container\">\r\n            <span class=\"our-work-single-hero-block__subnavigation-trigger-label\">\r\n                SECTIONS            <\/span>\r\n            <div class=\"our-work-single-hero-block__subnavigation-mobile-trigger\" tabindex=\"0\">\r\n                <span class=\"our-work-single-hero-block__subnavigation-trigger-active\">\r\n                    HOME                <\/span>\r\n                <span class=\"icon-chevron\"><img decoding=\"async\" src=\"https:\/\/idi.no\/wp-content\/themes\/idi\/assets\/images\/icons\/shevron_down.svg\" alt=\"\"><\/span>\r\n            <\/div>\r\n            <div class=\"our-work-single-hero-block__subnavigation-dropdown\">\r\n                \t\t\t\t\t                    <div class=\"our-work-single-hero-block__subnavigation-item is-active\" data-index=\"0\" data-url=\"https:\/\/idi.no\/our-work\/initiative\/global-project-on-sai-independence\/\">\r\n                        <a href=\"https:\/\/idi.no\/our-work\/initiative\/global-project-on-sai-independence\/\" class=\"our-work-single-hero-block__subnavigation-link\">\r\n                            HOME                        <\/a>\r\n                    <\/div>\r\n                \t\t\t\t\t                    <div class=\"our-work-single-hero-block__subnavigation-item\" data-index=\"1\" data-url=\"https:\/\/idi.no\/our-work\/initiative\/global-project-on-sai-independence\/global-project-on-sai-independence-partners\/\">\r\n                        <a href=\"https:\/\/idi.no\/our-work\/initiative\/global-project-on-sai-independence\/global-project-on-sai-independence-partners\/\" class=\"our-work-single-hero-block__subnavigation-link\">\r\n                            OUR PARTNERS                        <\/a>\r\n                    <\/div>\r\n                \t\t\t\t\t                    <div class=\"our-work-single-hero-block__subnavigation-item\" data-index=\"2\" data-url=\"https:\/\/idi.no\/our-work\/initiative\/global-project-on-sai-independence\/the-global-project-on-sai-independence-methodology-report\/\">\r\n                        <a href=\"https:\/\/idi.no\/our-work\/initiative\/global-project-on-sai-independence\/the-global-project-on-sai-independence-methodology-report\/\" class=\"our-work-single-hero-block__subnavigation-link\">\r\n                            METHODOLOGY AND REPORT                        <\/a>\r\n                    <\/div>\r\n                            <\/div>\r\n        <\/div>\r\n\t<\/div>\r\n<\/div>\r\n\n<div  class=\"text-and-media-block  block-image-align--right block-background-color--blue without-circles\" >\n\t<div class=\"text-and-media-block__container container\">\n\t\t<div class=\"text-and-media-block__col\">\n\n\t\t\t\t\t\t\t\t\t\t\t\t\t<h2 class=\"text-and-media-block__title\">\n\t\t\t\t\tTRAVAILLER ENSEMBLE POUR DES INSTITUTIONS SUP\u00c9RIEURES DE CONTR\u00d4LE DES FINANCES PUBLIQUES IND\u00c9PENDANTES \t\t\t\t<\/h2>\n\t\t\t\t\t\t\t\t\t\t<div class=\"text-and-media-block__subtitle\">\n\t\t\t\t\tAucun acteur ne peut \u00e0 lui seul garantir l\u2019ind\u00e9pendance des ISC. Il faut une constellation de voix, comme les parlements, les organisations internationales, la soci\u00e9t\u00e9 civile et les partenaires de d\u00e9veloppement travaillant c\u00f4te \u00e0 c\u00f4te.  \t\t\t\t<\/div>\n\t\t\t\t\t\t\t\t\t\t<div class=\"text-and-media-block__description\">\n\t\t\t\t\t<p>Ce projet rassemble des institutions et des personnes respect\u00e9es qui partagent un engagement envers la transparence, la responsabilit\u00e9 et un contr\u00f4le public renforc\u00e9. Du co-d\u00e9veloppement de bonnes pratiques au soutien des visites de pays et \u00e0 l\u2019\u00e9laboration de principes mondiaux, nos partenaires sont profond\u00e9ment impliqu\u00e9s \u00e0 chaque \u00e9tape. Sur cette page, \u00e9coutez directement leurs t\u00e9moignages. Pourquoi ils ont adh\u00e9r\u00e9, ce qu\u2019ils apportent et comment nous construisons ensemble quelque chose de plus grand.   <\/p>\n\t\t\t\t<\/div>\n\t\t\t\n\t\t\t<div class=\"text-and-media-block__button-list\">\n\t\t\t\n\t\t\t\t\t\t<\/div>\n\t\t<\/div>\n\t\t\t\t    <div class=\"text-and-media-block__col\">\n\t\t\t\t<div class=\"text-and-media-block__image\">\n\t\t\t\t\t<img decoding=\"async\" src=\"https:\/\/idi.no\/wp-content\/uploads\/2025\/10\/PictureE1-1-e1760550260916.png\" alt=\"\">\n\t\t\t\t<\/div>\n\t\t\t<\/div>\n\t\t\t\t<\/div>\n<\/div>\n\r\n<div  class=\"text-only-block text-only-block__white-background text-only-block__columns-repeater\"> <!-- Removed undefined $style (before: echoed $style) -->\r\n    <div class=\"text-only-block__container container\">\r\n        \r\n        \r\n                    <div class=\"text-only-block__content\">\r\n                                                                    <div class=\"text-only-block__columns\">\r\n                                                <div class=\"text-only-block__column\">\r\n                                                            <img decoding=\"async\" \r\n                                    class=\"\" \r\n                                    src=\"https:\/\/idi.no\/wp-content\/uploads\/2025\/10\/OECD_logo.svg\" \r\n                                    alt=\"\">\r\n                                                                                        <h4 class=\"text-only-block__column-title\">OCDE \u2013 Organisation de coop\u00e9ration et de d\u00e9veloppement \u00e9conomiques<\/h4>\r\n                                                                                                                    <div class=\"text-only-block__column-description\"><p class=\"lede\">\u00c9tablir des normes internationales pour des syst\u00e8mes de gestion des finances publiques plus solides et plus \u00e9quitables.<\/p>\n<p>En tant que leader dans l\u2019\u00e9tablissement de normes mondiales, l\u2019OCDE apporte sa profonde expertise politique au Projet mondial. De la fiscalit\u00e9 \u00e0 l\u2019int\u00e9grit\u00e9 publique, l\u2019OCDE a contribu\u00e9 \u00e0 fa\u00e7onner les cadres internationaux&nbsp;; et maintenant, elle co-d\u00e9veloppe les Principes sur l\u2019ind\u00e9pendance des ISC. Son r\u00f4le renforce la l\u00e9gitimit\u00e9 du projet et le relie \u00e0 des r\u00e9formes plus larges de la gouvernance dans les pays et les r\u00e9gions.  <\/p>\n<\/div>\r\n                                                                                <\/div>\r\n                                                <div class=\"text-only-block__column\">\r\n                                                            <img decoding=\"async\" \r\n                                    class=\"\" \r\n                                    src=\"https:\/\/idi.no\/wp-content\/uploads\/2025\/10\/Asset-2.png\" \r\n                                    alt=\"\">\r\n                                                                                        <h4 class=\"text-only-block__column-title\">Secr\u00e9tariat g\u00e9n\u00e9ral de l\u2019INTOSAI <\/h4>\r\n                                                                                                                    <div class=\"text-only-block__column-description\"><p class=\"lede\">Gardien des principes de l\u2019INTOSAI, reliant les normes mondiales \u00e0 l\u2019ind\u00e9pendance des ISC.<\/p>\n<p>En tant que m\u00e9moire institutionnelle et normalisateur de la communaut\u00e9 mondiale des ISC, le Secr\u00e9tariat g\u00e9n\u00e9ral de l\u2019INTOSAI assure l\u2019alignement sur les principes fondamentaux comme ceux des D\u00e9clarations de Lima et de Mexico. Avec plus de 150&nbsp;ISC sous son \u00e9gide, il apporte autorit\u00e9, port\u00e9e et cr\u00e9dibilit\u00e9 au projet, l\u2019ancrant dans l\u2019engagement de longue date de l\u2019INTOSAI en faveur de l\u2019ind\u00e9pendance. <\/p>\n<\/div>\r\n                                                                                <\/div>\r\n                                                <div class=\"text-only-block__column\">\r\n                                                            <img decoding=\"async\" \r\n                                    class=\"\" \r\n                                    src=\"https:\/\/idi.no\/wp-content\/uploads\/2025\/10\/Asset-2.png\" \r\n                                    alt=\"\">\r\n                                                                                        <h4 class=\"text-only-block__column-title\">PFAC de l\u2019INTOSAI \u2013 comit\u00e9 des politiques, des finances et de l\u2019administration <\/h4>\r\n                                                                                                                    <div class=\"text-only-block__column-description\"><p class=\"lede\">Coordonner les efforts, stimuler l\u2019engagement des donateurs et relier les initiatives mondiales des ISC.<\/p>\n<p>Le PFAC joue un r\u00f4le central dans l\u2019alignement du projet sur la vision strat\u00e9gique plus large de l\u2019INTOSAI. Pr\u00e9sid\u00e9 par l\u2019Arabie saoudite et vice-pr\u00e9sid\u00e9 par le GAO des \u00c9tats-Unis, le PFAC soutient une forte coordination des partenaires, l\u2019engagement des donateurs et la collecte de donn\u00e9es significatives dans toutes les r\u00e9gions. En tant que plaque tournante de l\u2019INTOSAI, il contribue \u00e0 amplifier l\u2019impact et l\u2019adoption du Projet mondial au sein de la communaut\u00e9 des ISC et au-del\u00e0.  <\/p>\n<\/div>\r\n                                                                                <\/div>\r\n                                            <\/div>\r\n                                \r\n                <!-- New: Added entire button section here (including main button + additional_buttons in __button-list) to support repeater in this layout -->\r\n                <div class=\"text-only-block__button-list\">\r\n                    \r\n                                    <\/div>\r\n            <\/div>\r\n        \r\n            <\/div>\r\n<\/div>\r\n<div  class=\"text-only-block text-only-block__white-background text-only-block__columns-repeater\"> <!-- Removed undefined $style (before: echoed $style) -->\r\n    <div class=\"text-only-block__container container\">\r\n        \r\n        \r\n                    <div class=\"text-only-block__content\">\r\n                                                                    <div class=\"text-only-block__columns\">\r\n                                                <div class=\"text-only-block__column\">\r\n                                                            <img decoding=\"async\" \r\n                                    class=\"\" \r\n                                    src=\"https:\/\/idi.no\/wp-content\/uploads\/2025\/10\/SECO-logo.jpg\" \r\n                                    alt=\"\">\r\n                                                                                        <h4 class=\"text-only-block__column-title\">SECO \u2013 Secr\u00e9tariat d\u2019\u00c9tat suisse \u00e0 l\u2019\u00e9conomie <\/h4>\r\n                                                                                                                    <div class=\"text-only-block__column-description\"><p class=\"lede\">D\u00e9fenseur de longue date de la bonne gouvernance et du renforcement institutionnel des ISC.<\/p>\n<p>Le SECO apporte des d\u00e9cennies de soutien fiable aux ISC du monde entier, notamment par le biais du programme de gestion strat\u00e9gique et de mesure des performances (SPMR) de l\u2019IDI. En tant que donateur et partenaire strat\u00e9gique de ce projet, le SECO fournit non seulement un soutien, mais aussi une voix politique forte pour l\u2019ind\u00e9pendance et la responsabilit\u00e9, ancr\u00e9e dans son engagement en faveur d\u2019une croissance \u00e9conomique inclusive et d\u2019une gouvernance saine. <\/p>\n<\/div>\r\n                                                                                <\/div>\r\n                                                <div class=\"text-only-block__column\">\r\n                                                            <img decoding=\"async\" \r\n                                    class=\"\" \r\n                                    src=\"https:\/\/idi.no\/wp-content\/uploads\/2025\/10\/Asset-8-scaled.png\" \r\n                                    alt=\"\">\r\n                                                                                        <h4 class=\"text-only-block__column-title\">Collaborateurs&nbsp;: Banque mondiale et Fonds mon\u00e9taire international<\/h4>\r\n                                                                                                                    <div class=\"text-only-block__column-description\"><p class=\"lede\">Apporter des connaissances mondiales en mati\u00e8re de d\u00e9veloppement et une expertise en mati\u00e8re de gouvernance financi\u00e8re.<\/p>\n<p>Le Projet mondial b\u00e9n\u00e9ficie \u00e9galement de la collaboration avec la Banque mondiale et le FMI, dont la connaissance des syst\u00e8mes de gestion des finances publiques et des r\u00e9alit\u00e9s nationales contribue \u00e0 garantir que le travail est fond\u00e9, pertinent et orient\u00e9 vers l\u2019action. Leur implication contribue \u00e0 relier l\u2019ind\u00e9pendance des ISC \u00e0 des r\u00e9formes plus larges qui comptent pour les gouvernements et les citoyens. <\/p>\n<\/div>\r\n                                                                                <\/div>\r\n                                                <div class=\"text-only-block__column\">\r\n                                                                                                                                                                    <\/div>\r\n                                            <\/div>\r\n                                \r\n                <!-- New: Added entire button section here (including main button + additional_buttons in __button-list) to support repeater in this layout -->\r\n                <div class=\"text-only-block__button-list\">\r\n                    \r\n                                    <\/div>\r\n            <\/div>\r\n        \r\n            <\/div>\r\n<\/div>\n<div class=\"wp-block-columns is-layout-flex wp-container-core-columns-is-layout-28f84493 wp-block-columns-is-layout-flex\">\n<div class=\"wp-block-column is-layout-flow wp-block-column-is-layout-flow\">\n<h2 class=\"wp-block-heading\"><mark style=\"background-color:rgba(0, 0, 0, 0);color:#00548e\" class=\"has-inline-color\">\u00c9tablir une r\u00e9f\u00e9rence mondiale pour l\u2019ind\u00e9pendance<\/mark><\/h2>\n\n\n\n<h6 class=\"wp-block-heading\"><mark style=\"background-color:rgba(0, 0, 0, 0);color:#3376a5\" class=\"has-inline-color\">D\u00e9couvrez pourquoi la Banque mondiale consid\u00e8re le projet mondial de l\u2019IDI comme un tournant pour les ISC et la communaut\u00e9 du d\u00e9veloppement. <\/mark><\/h6>\n\n\n\n<p><\/p>\n\n\n\n<p class=\"has-link-color wp-elements-261cb1a9a1ee57f78cd5e42076fee077\"><\/p>\n<\/div>\n\n\n\n<div class=\"wp-block-column is-layout-flow wp-block-column-is-layout-flow\">\n<div  class=\"video-block \" >\n\t<div class=\"video-block__container container container_video-block__poster-play--center \">\n\t\t\t\t\t\t\t\t\t\t\t\t<div class=\"video-block__poster\">\n\t\t\t\t\t<div class=\"video-block__video-background\"><\/div>\n\t\t\t\t\t\t<img decoding=\"async\" src=\"https:\/\/idi.no\/wp-content\/uploads\/2025\/10\/thumb-1.jpg\" alt=\"\">\n\t\t\t\t\t\t<div class=\"video-block__poster-play-wrapper\">\n\t\t\t\t\t\t\t<button class=\"video-block__poster-play\" aria-label=\"Play video\">\n\t\t\t\t\t\t\t\t<img decoding=\"async\" src=\"https:\/\/idi.no\/wp-content\/themes\/idi\/assets\/images\/icons\/play-icon.svg\" alt=\"Play video\">\n\t\t\t\t\t\t\t<\/button>\n\t\t\t\t\t\t\t\t\t\t\t\t\t<\/div>\n\t\t\t\t\t<\/div>\n\t\t\t\t\t\t\t\t\t\t\t\t\t\t<div class=\"video-block__iframe-wrapper\" style=\"display: none;\">\n\t\t\t\t\t\t\t<iframe loading=\"lazy\" src=\"https:\/\/player.vimeo.com\/video\/1128113428?h=165ae0c91e&amp;dnt=1&amp;app_id=122963&amp;controls=1&amp;hd=1&amp;autohide=1\" width=\"390\" height=\"390\" frameborder=\"0\"><\/iframe>\t\t\t\t\t\t<\/div>\n\t\t\t\t\n\t\t\t\t\t\t\t\t\t\t\t\t\n\t\t\t\t<\/div>\n<\/div>\n<\/div>\n<\/div>\n\n<div  class=\"cta-block \" style=\"background-image: url(https:\/\/idi.no\/wp-content\/uploads\/2025\/09\/Hero-Image-global-project.jpg);\">\n\t<div class=\"cta-block__container container\">\n\t\t<div class=\"cta-block__content\">\n\t\t\t<div class=\"cta-block__content-col\">\n\t\t\t\t\t\t\t\t\t<h2 class=\"cta-block__title\">\n\t\t\t\t\t\tCONTACTEZ-NOUS\t\t\t\t\t<\/h2>\n\t\t\t\t\t\t\t\t\t\t\t\t\t<div class=\"cta-block__subtitle lede\">\n\t\t\t\t\t\tVous souhaitez vous impliquer dans le projet mondial sur l\u2019ind\u00e9pendance des ISC&nbsp;?\t\t\t\t\t<\/div>\n\t\t\t\t\t\t\t\t\t\t\t\t\t<div class=\"cta-block__description\">\n\t\t\t\t\t\t<p>Nous cherchons toujours \u00e0 entrer en contact avec des partenaires, des d\u00e9fenseurs et des experts qui partagent notre vision d\u2019ISC plus fortes et plus ind\u00e9pendantes. Contactez-nous pour rejoindre la conversation et contribuer \u00e0 promouvoir la responsabilit\u00e9 mondiale. <\/p>\n\t\t\t\t\t<\/div>\n\t\t\t\t\t\t\t<\/div>\n\t\t\t<div class=\"cta-block__content-col\">\n\t\t\t\t\t\t\t\t\t\t\t\t\t\t<a \thref=\"mailto:independent.sai@idi.no\" \n\t\t\t\t\t\tclass=\"cta-block__button\"\n\t\t\t\t\t\t target=\"_blank\" rel=\"noopener noreferrer\"\t\t\t\t\t>\n\t\t\t\t\t\tEMAIL US\t\t\t\t\t<\/a>\n\t\t\t\t\t\t\t<\/div>\n\t\t<\/div>\n\t<\/div>\n<\/div>\n","protected":false},"excerpt":{"rendered":"<p>&Eacute;tablir une r&eacute;f&eacute;rence mondiale pour l&rsquo;ind&eacute;pendance D&eacute;couvrez pourquoi la Banque mondiale consid&egrave;re le projet mondial de l&rsquo;IDI comme un tournant [&hellip;]<\/p>\n","protected":false},"featured_media":27612,"parent":0,"menu_order":0,"template":"","content-type":[],"topic":[],"initiative":[],"area-of-focus":[],"class_list":["post-28343","our-work","type-our-work","status-publish","has-post-thumbnail","hentry"],"acf":[],"yoast_head":"<!-- This site is optimized with the Yoast SEO plugin v27.4 - https:\/\/yoast.com\/product\/yoast-seo-wordpress\/ -->\n<title>Projet mondial sur l\u2019ind\u00e9pendance des ISC \u2013 partenaires - IDI<\/title>\n<meta name=\"robots\" content=\"index, follow, max-snippet:-1, max-image-preview:large, max-video-preview:-1\" \/>\n<link rel=\"canonical\" href=\"https:\/\/idi.no\/fr\/our-work\/initiative\/projet-mondial-sur-lindependance-des-isc-partenaires\/\" \/>\n<meta property=\"og:locale\" content=\"fr_FR\" \/>\n<meta property=\"og:type\" content=\"article\" \/>\n<meta property=\"og:title\" content=\"Projet mondial sur l\u2019ind\u00e9pendance des ISC \u2013 partenaires - IDI\" \/>\n<meta property=\"og:description\" content=\"&Eacute;tablir une r&eacute;f&eacute;rence mondiale pour l&rsquo;ind&eacute;pendance D&eacute;couvrez pourquoi la Banque mondiale consid&egrave;re le projet mondial de l&rsquo;IDI comme un tournant [&hellip;]\" \/>\n<meta property=\"og:url\" content=\"https:\/\/idi.no\/fr\/our-work\/initiative\/projet-mondial-sur-lindependance-des-isc-partenaires\/\" \/>\n<meta property=\"og:site_name\" content=\"IDI\" \/>\n<meta property=\"article:modified_time\" content=\"2025-11-12T22:50:57+00:00\" \/>\n<meta property=\"og:image\" content=\"https:\/\/idi.no\/wp-content\/uploads\/2025\/10\/AdobeStock_1129149814-scaled.jpeg\" \/>\n\t<meta property=\"og:image:width\" content=\"2560\" \/>\n\t<meta property=\"og:image:height\" content=\"1019\" \/>\n\t<meta property=\"og:image:type\" content=\"image\/jpeg\" \/>\n<meta name=\"twitter:card\" content=\"summary_large_image\" \/>\n<script type=\"application\/ld+json\" class=\"yoast-schema-graph\">{\"@context\":\"https:\\\/\\\/schema.org\",\"@graph\":[{\"@type\":\"WebPage\",\"@id\":\"https:\\\/\\\/idi.no\\\/fr\\\/our-work\\\/initiative\\\/projet-mondial-sur-lindependance-des-isc-partenaires\\\/\",\"url\":\"https:\\\/\\\/idi.no\\\/fr\\\/our-work\\\/initiative\\\/projet-mondial-sur-lindependance-des-isc-partenaires\\\/\",\"name\":\"Projet mondial sur l\u2019ind\u00e9pendance des ISC \u2013 partenaires - IDI\",\"isPartOf\":{\"@id\":\"https:\\\/\\\/idi.no\\\/fr\\\/#website\"},\"primaryImageOfPage\":{\"@id\":\"https:\\\/\\\/idi.no\\\/fr\\\/our-work\\\/initiative\\\/projet-mondial-sur-lindependance-des-isc-partenaires\\\/#primaryimage\"},\"image\":{\"@id\":\"https:\\\/\\\/idi.no\\\/fr\\\/our-work\\\/initiative\\\/projet-mondial-sur-lindependance-des-isc-partenaires\\\/#primaryimage\"},\"thumbnailUrl\":\"https:\\\/\\\/idi.no\\\/wp-content\\\/uploads\\\/2025\\\/10\\\/AdobeStock_1129149814-scaled.jpeg\",\"datePublished\":\"2025-10-02T16:47:25+00:00\",\"dateModified\":\"2025-11-12T22:50:57+00:00\",\"breadcrumb\":{\"@id\":\"https:\\\/\\\/idi.no\\\/fr\\\/our-work\\\/initiative\\\/projet-mondial-sur-lindependance-des-isc-partenaires\\\/#breadcrumb\"},\"inLanguage\":\"fr-FR\",\"potentialAction\":[{\"@type\":\"ReadAction\",\"target\":[\"https:\\\/\\\/idi.no\\\/fr\\\/our-work\\\/initiative\\\/projet-mondial-sur-lindependance-des-isc-partenaires\\\/\"]}]},{\"@type\":\"ImageObject\",\"inLanguage\":\"fr-FR\",\"@id\":\"https:\\\/\\\/idi.no\\\/fr\\\/our-work\\\/initiative\\\/projet-mondial-sur-lindependance-des-isc-partenaires\\\/#primaryimage\",\"url\":\"https:\\\/\\\/idi.no\\\/wp-content\\\/uploads\\\/2025\\\/10\\\/AdobeStock_1129149814-scaled.jpeg\",\"contentUrl\":\"https:\\\/\\\/idi.no\\\/wp-content\\\/uploads\\\/2025\\\/10\\\/AdobeStock_1129149814-scaled.jpeg\",\"width\":2560,\"height\":1019},{\"@type\":\"BreadcrumbList\",\"@id\":\"https:\\\/\\\/idi.no\\\/fr\\\/our-work\\\/initiative\\\/projet-mondial-sur-lindependance-des-isc-partenaires\\\/#breadcrumb\",\"itemListElement\":[{\"@type\":\"ListItem\",\"position\":1,\"name\":\"Home\",\"item\":\"https:\\\/\\\/idi.no\\\/fr\\\/\"},{\"@type\":\"ListItem\",\"position\":2,\"name\":\"Projet mondial sur l\u2019ind\u00e9pendance des ISC \u2013 partenaires\"}]},{\"@type\":\"WebSite\",\"@id\":\"https:\\\/\\\/idi.no\\\/fr\\\/#website\",\"url\":\"https:\\\/\\\/idi.no\\\/fr\\\/\",\"name\":\"IDI\",\"description\":\"\",\"potentialAction\":[{\"@type\":\"SearchAction\",\"target\":{\"@type\":\"EntryPoint\",\"urlTemplate\":\"https:\\\/\\\/idi.no\\\/fr\\\/?s={search_term_string}\"},\"query-input\":{\"@type\":\"PropertyValueSpecification\",\"valueRequired\":true,\"valueName\":\"search_term_string\"}}],\"inLanguage\":\"fr-FR\"}]}<\/script>\n<!-- \/ Yoast SEO plugin. -->","yoast_head_json":{"title":"Projet mondial sur l\u2019ind\u00e9pendance des ISC \u2013 partenaires - IDI","robots":{"index":"index","follow":"follow","max-snippet":"max-snippet:-1","max-image-preview":"max-image-preview:large","max-video-preview":"max-video-preview:-1"},"canonical":"https:\/\/idi.no\/fr\/our-work\/initiative\/projet-mondial-sur-lindependance-des-isc-partenaires\/","og_locale":"fr_FR","og_type":"article","og_title":"Projet mondial sur l\u2019ind\u00e9pendance des ISC \u2013 partenaires - IDI","og_description":"&Eacute;tablir une r&eacute;f&eacute;rence mondiale pour l&rsquo;ind&eacute;pendance D&eacute;couvrez pourquoi la Banque mondiale consid&egrave;re le projet mondial de l&rsquo;IDI comme un tournant [&hellip;]","og_url":"https:\/\/idi.no\/fr\/our-work\/initiative\/projet-mondial-sur-lindependance-des-isc-partenaires\/","og_site_name":"IDI","article_modified_time":"2025-11-12T22:50:57+00:00","og_image":[{"width":2560,"height":1019,"url":"https:\/\/idi.no\/wp-content\/uploads\/2025\/10\/AdobeStock_1129149814-scaled.jpeg","type":"image\/jpeg"}],"twitter_card":"summary_large_image","schema":{"@context":"https:\/\/schema.org","@graph":[{"@type":"WebPage","@id":"https:\/\/idi.no\/fr\/our-work\/initiative\/projet-mondial-sur-lindependance-des-isc-partenaires\/","url":"https:\/\/idi.no\/fr\/our-work\/initiative\/projet-mondial-sur-lindependance-des-isc-partenaires\/","name":"Projet mondial sur l\u2019ind\u00e9pendance des ISC \u2013 partenaires - IDI","isPartOf":{"@id":"https:\/\/idi.no\/fr\/#website"},"primaryImageOfPage":{"@id":"https:\/\/idi.no\/fr\/our-work\/initiative\/projet-mondial-sur-lindependance-des-isc-partenaires\/#primaryimage"},"image":{"@id":"https:\/\/idi.no\/fr\/our-work\/initiative\/projet-mondial-sur-lindependance-des-isc-partenaires\/#primaryimage"},"thumbnailUrl":"https:\/\/idi.no\/wp-content\/uploads\/2025\/10\/AdobeStock_1129149814-scaled.jpeg","datePublished":"2025-10-02T16:47:25+00:00","dateModified":"2025-11-12T22:50:57+00:00","breadcrumb":{"@id":"https:\/\/idi.no\/fr\/our-work\/initiative\/projet-mondial-sur-lindependance-des-isc-partenaires\/#breadcrumb"},"inLanguage":"fr-FR","potentialAction":[{"@type":"ReadAction","target":["https:\/\/idi.no\/fr\/our-work\/initiative\/projet-mondial-sur-lindependance-des-isc-partenaires\/"]}]},{"@type":"ImageObject","inLanguage":"fr-FR","@id":"https:\/\/idi.no\/fr\/our-work\/initiative\/projet-mondial-sur-lindependance-des-isc-partenaires\/#primaryimage","url":"https:\/\/idi.no\/wp-content\/uploads\/2025\/10\/AdobeStock_1129149814-scaled.jpeg","contentUrl":"https:\/\/idi.no\/wp-content\/uploads\/2025\/10\/AdobeStock_1129149814-scaled.jpeg","width":2560,"height":1019},{"@type":"BreadcrumbList","@id":"https:\/\/idi.no\/fr\/our-work\/initiative\/projet-mondial-sur-lindependance-des-isc-partenaires\/#breadcrumb","itemListElement":[{"@type":"ListItem","position":1,"name":"Home","item":"https:\/\/idi.no\/fr\/"},{"@type":"ListItem","position":2,"name":"Projet mondial sur l\u2019ind\u00e9pendance des ISC \u2013 partenaires"}]},{"@type":"WebSite","@id":"https:\/\/idi.no\/fr\/#website","url":"https:\/\/idi.no\/fr\/","name":"IDI","description":"","potentialAction":[{"@type":"SearchAction","target":{"@type":"EntryPoint","urlTemplate":"https:\/\/idi.no\/fr\/?s={search_term_string}"},"query-input":{"@type":"PropertyValueSpecification","valueRequired":true,"valueName":"search_term_string"}}],"inLanguage":"fr-FR"}]}},"_links":{"self":[{"href":"https:\/\/idi.no\/fr\/wp-json\/wp\/v2\/our-work\/28343","targetHints":{"allow":["GET"]}}],"collection":[{"href":"https:\/\/idi.no\/fr\/wp-json\/wp\/v2\/our-work"}],"about":[{"href":"https:\/\/idi.no\/fr\/wp-json\/wp\/v2\/types\/our-work"}],"version-history":[{"count":1,"href":"https:\/\/idi.no\/fr\/wp-json\/wp\/v2\/our-work\/28343\/revisions"}],"predecessor-version":[{"id":28351,"href":"https:\/\/idi.no\/fr\/wp-json\/wp\/v2\/our-work\/28343\/revisions\/28351"}],"wp:featuredmedia":[{"embeddable":true,"href":"https:\/\/idi.no\/fr\/wp-json\/wp\/v2\/media\/27612"}],"wp:attachment":[{"href":"https:\/\/idi.no\/fr\/wp-json\/wp\/v2\/media?parent=28343"}],"wp:term":[{"taxonomy":"content-type","embeddable":true,"href":"https:\/\/idi.no\/fr\/wp-json\/wp\/v2\/content-type?post=28343"},{"taxonomy":"topic","embeddable":true,"href":"https:\/\/idi.no\/fr\/wp-json\/wp\/v2\/topic?post=28343"},{"taxonomy":"initiative","embeddable":true,"href":"https:\/\/idi.no\/fr\/wp-json\/wp\/v2\/initiative?post=28343"},{"taxonomy":"area-of-focus","embeddable":true,"href":"https:\/\/idi.no\/fr\/wp-json\/wp\/v2\/area-of-focus?post=28343"}],"curies":[{"name":"wp","href":"https:\/\/api.w.org\/{rel}","templated":true}]}}